{"id":48,"date":"2017-03-23T11:42:47","date_gmt":"2017-03-23T11:42:47","guid":{"rendered":"http:\/\/www.transformari-capitaliste.ro\/index.php\/news\/"},"modified":"2023-03-10T01:59:51","modified_gmt":"2023-03-10T01:59:51","slug":"prelegeri","status":"publish","type":"page","link":"http:\/\/www.transformari-capitaliste.ro\/index.php\/prelegeri\/","title":{"rendered":"Prelegeri"},"content":{"rendered":"<!--themify_builder_content-->\n<div id=\"themify_builder_content-48\" data-postid=\"48\" class=\"themify_builder_content themify_builder_content-48 themify_builder tf_clear\">\n                    <div  data-css_id=\"tvic000\" data-lazy=\"1\" class=\"module_row themify_builder_row vertical-divider row-newsletter input-bg-white fullwidth tb_tvic000 tb_first tf_w\">\n            <span class=\"builder_row_cover tf_abs\"><\/span>            <div class=\"row_inner col_align_top tb_col_count_1 tf_box tf_rel\">\n                        <div  data-lazy=\"1\" class=\"module_column tb-column col-full tb_kjb0330 first\">\n                    <!-- module fancy heading -->\n<div  class=\"module module-fancy-heading tb_q5f1880  tb_hide_divider wow\" data-tf-animation=\"fadeIn\" data-lazy=\"1\">\n        <h1 class=\"fancy-heading tf_textc\">\n    <span class=\"main-head tf_block\">\n                    Evenimente Speciale            <\/span>\n\n    \n    <span class=\"sub-head tf_block tf_rel\">\n                    Prelegerile Conferin\u021bei            <\/span>\n    <\/h1>\n<\/div>\n<!-- \/module fancy heading -->\n        <div  data-lazy=\"1\" class=\"module_subrow themify_builder_sub_row tf_w col_align_top tb_col_count_3 tb_8q1c208\">\n                <div  data-lazy=\"1\" class=\"module_column sub_column col3-1 tb_xk4o208 first\">\n                            <\/div>\n                    <div  data-lazy=\"1\" class=\"module_column sub_column col3-1 tb_a8nd209\">\n                            <\/div>\n                    <div  data-lazy=\"1\" class=\"module_column sub_column col3-1 tb_ruxq210 last\">\n                            <\/div>\n                    <\/div>\n                <\/div>\n                        <\/div>\n        <\/div>\n                        <div  data-lazy=\"1\" class=\"module_row themify_builder_row tb_00tq275 tf_w\">\n                        <div class=\"row_inner col_align_top tb_col_count_1 tf_box tf_rel\">\n                        <div  data-lazy=\"1\" class=\"module_column tb-column col-full tb_95g2276 first\">\n                    <!-- module text -->\n<div  class=\"module module-text tb_o8v9284   \" data-lazy=\"1\">\n        <div  class=\"tb_text_wrap\">\n        <p style=\"text-align: center;\"><b style=\"caret-color: #000000; color: #000000; font-family: Calibri, sans-serif; text-align: justify;\"><span lang=\"RO\" style=\"color: #c00000;\">\u00a0<\/span><\/b><\/p>\n<p><b style=\"caret-color: #000000; color: #000000; font-family: Calibri, sans-serif; text-align: justify;\"><span lang=\"RO\" style=\"color: #c00000;\">\u00a0<\/span><\/b><\/p>\n<p style=\"text-align: center;\"><span style=\"caret-color: #000000; color: #000000; font-family: 'Playfair Display', serif; font-size: 48px; font-weight: 900;\"><a id=\"P1\"><\/a>PRELEGERI<\/span><b style=\"caret-color: #000000; color: #000000; font-family: Calibri, sans-serif; text-align: justify;\"><span lang=\"RO\" style=\"color: #c00000;\"><br><\/span><\/b><\/p>\n<p><b style=\"caret-color: #000000; color: #000000; font-family: Calibri, sans-serif; text-align: justify;\"><span lang=\"RO\" style=\"color: #c00000;\">\u00a0<\/span><\/b><\/p>\n<p><b style=\"caret-color: #000000; color: #000000; font-family: Calibri, sans-serif; text-align: justify;\"><span lang=\"RO\" style=\"color: #c00000;\">Joi, 23 MARTIE, 12:00 \u2013 14:00<\/span><\/b><\/p>\n<p class=\"MsoNormal\" style=\"margin: 0cm; font-size: medium; font-family: Calibri, sans-serif; caret-color: #000000; color: #000000; text-align: justify;\"><span lang=\"RO\">\u00a0<\/span><\/p>\n<p class=\"MsoNormal\" style=\"margin: 0cm; font-size: medium; font-family: Calibri, sans-serif; caret-color: #000000; color: #000000; text-align: justify;\"><span lang=\"RO\"><b style=\"font-size: 1em;\"><span lang=\"RO\">Aurora Trif\u00a0<\/span><\/b>(Dublin City University)<\/span><\/p>\n<p class=\"MsoNormal\" style=\"margin: 0cm; font-size: medium; font-family: Calibri, sans-serif; caret-color: #000000; color: #000000; text-align: justify;\"><span lang=\"RO\">Titlu:<b>\u00a0Lupta sindicatelor \u00eempotriva muncii precare: misiune imposibil\u0103 \u00een Rom\u00e2nia?<\/b><\/span><\/p>\n<p class=\"MsoNormal\" style=\"margin: 0cm; font-size: medium; font-family: Calibri, sans-serif; caret-color: #000000; color: #000000; text-align: justify;\"><span lang=\"RO\"><b>\u00a0<\/b><\/span><\/p>\n<p class=\"MsoNormal\" style=\"margin: 0cm; font-size: medium; font-family: Calibri, sans-serif; caret-color: #000000; color: #000000; text-align: justify;\"><span lang=\"RO\" style=\"font-weight: bold;\">Rezumat:\u00a0<\/span>Tranzi\u021bia de la socialism la economia de pia\u021b\u0103 a contribuit la cre\u0219terea muncii precare \u0219i la sc\u0103derea puterii sindicatelor \u00een Rom\u00e2nia. Acest fenomen a fost accentuat de criza economic\u0103 din 2008, c\u00e2nd guvernul a redus semnificativ drepturile individuale \u0219i colective ale angaja\u021bilor. \u00cen contextul \u00een care drepturi fundamentale ale sindicatelor au fost suprimate (ex. prin legea dialogului social din 2011), iar drepturile angajatorilor de a folosi contracte nestandard \u0219i alte m\u0103suri pentru a reduce costurile for\u021bei de munc\u0103 au fost consolidate, este posibil ca sindicatele s\u0103 lupte \u00eempotriva precarit\u0103\u021bii? \u00cen mod tradi\u021bional, precaritatea se refer\u0103 la nesiguran\u021ba ridicat\u0103 a locului de munc\u0103 a lucr\u0103torilor cu contracte nestandard. Consider\u00e2nd c\u0103 m\u0103surile adoptate \u00een timpul crizei economice din 2008 au redus protec\u021bia angaja\u021bilor cu contracte standard, acest studiu dezvolt\u0103 o conceptualizare multidimensional\u0103 a muncii precare, pentru a identifica ac\u021biuni sindicale care urm\u0103resc sc\u0103derea precarit\u0103\u021bii pentru angaja\u021bi \u0219i\/sau lucr\u0103tori. Ac\u021biunile sindicatelor sunt considerate de succes dac\u0103 induc o \u00eembun\u0103t\u0103\u021bire m\u0103surabil\u0103 \u00een cel pu\u021bin una dintre dintre urm\u0103toarele aspecte: (i) venituri nesigure sau sc\u0103zute (ex. salariu minim), (ii) timp de lucru imprevizibil, (iii) nesiguran\u021b\u0103 ridicat\u0103 a locului de munc\u0103, (iv) lipsa de reprezentare sindical\u0103 \u0219i (v) dumpingul social. Aceast\u0103 prelegere se focalizeaz\u0103 pe examinarea condi\u021biilor \u00een ce care sindicatele au reu\u0219it s\u0103 reduc\u0103 precaritatea \u00een cinci sectoare (agen\u021bii de plasare a for\u021bei de munc\u0103, automobile, comer\u021b, construc\u021bii \u0219i s\u0103n\u0103tate) dupa 2008. Investigarea ac\u021biunilor sindicale de succes \u0219i a celor nereu\u0219ite arat\u0103 c\u0103, \u00een fiecare sector, sindicatele care \u00ee\u0219i mobilizeaz\u0103 resursele interne au reu\u0219it s\u0103 reduc\u0103 dimensiuni ale precarit\u0103\u021bii, cum ar fi salariile mici, lipsa de reprezentare \u0219i timpul de lucru neregulat. Rezultatele arat\u0103 c\u0103 sindicatele ale c\u0103ror obiective se bazeaz\u0103 pe discursuri conving\u0103toare c\u00e2\u0219tig-c\u00e2\u0219tig pot <a id=\"P2\"><\/a>combate anumite aspecte ale precaritatii chiar \u0219i \u00een condi\u021bii nefavorabile. \u00cen plus, perseveren\u021ba sindicatelor dup\u0103 demersuri nereu\u0219ite \u0219i capacitatea lor de a folosi oportunit\u0103\u021bi externe (ex. Planul Na\u021bional de Redresare \u0219i Rezilien\u021b\u0103) au contribuit la adoptarea legii 367\/2022 care \u00eembun\u0103t\u0103\u021beste accesul angaja\u021bilor \u0219i lucr\u0103torilor la reprezentare sindical\u0103.<\/p>\n<p class=\"MsoNormal\" style=\"margin: 0cm; font-size: medium; font-family: Calibri, sans-serif; caret-color: #000000; color: #000000; text-align: justify;\"><span lang=\"RO\">\u00a0<\/span><\/p>\n<p class=\"MsoNormal\" style=\"margin: 0cm; font-size: medium; font-family: Calibri, sans-serif; caret-color: #000000; color: #000000; text-align: justify;\"><b><span lang=\"RO\">Moderator<\/span><\/b><span lang=\"RO\">: Drago\u0219 Ad\u0103sc\u0103li\u021bei (Eurofound)<\/span><\/p>\n<p class=\"MsoNormal\" style=\"margin: 0cm; font-size: medium; font-family: Calibri, sans-serif; caret-color: #000000; color: #000000; text-align: justify;\"><b><span lang=\"RO\">\u00a0<\/span><\/b><\/p>\n<p class=\"MsoNormal\" style=\"margin: 0cm; font-size: medium; font-family: Calibri, sans-serif; caret-color: #000000; color: #000000; text-align: justify;\"><b><span lang=\"RO\">\u00a0<\/span><\/b><\/p>\n<p class=\"MsoNormal\" style=\"margin: 0cm; font-size: medium; font-family: Calibri, sans-serif; caret-color: #000000; color: #000000; text-align: justify;\"><b><span lang=\"RO\">\u00a0<\/span><\/b><\/p>\n<p class=\"MsoNormal\" style=\"margin: 0cm; font-size: medium; font-family: Calibri, sans-serif; caret-color: #000000; color: #000000; text-align: justify;\"><b><span lang=\"RO\" style=\"color: #c00000;\">VINERI, 24 MARTIE, 12:00 \u2013 14:00<\/span><\/b><\/p>\n<p class=\"MsoNormal\" style=\"margin: 0cm; font-size: medium; font-family: Calibri, sans-serif; caret-color: #000000; color: #000000; text-align: justify;\"><span lang=\"RO\">\u00a0<\/span><\/p>\n<p class=\"MsoNormal\" style=\"margin: 0cm; font-size: medium; font-family: Calibri, sans-serif; caret-color: #000000; color: #000000; text-align: justify;\"><span lang=\"RO\"><b><span lang=\"RO\">Cornel Ban\u00a0<\/span><\/b>(Copenhagen Business School, Danemarca)<br><\/span><\/p>\n<p class=\"MsoNormal\" style=\"margin: 0cm; font-size: medium; font-family: Calibri, sans-serif; caret-color: #000000; color: #000000; text-align: justify;\"><span lang=\"RO\">Titlu:\u00a0<b>Dependen\u021ba tensionat\u0103 a modelului rom\u00e2nesc de cre\u0219tere economic\u0103: disfunc\u021bionalit\u0103\u021bi sociale \u0219i vulnerabilitate climatic\u0103<\/b><\/span><\/p>\n<p class=\"MsoNormal\" style=\"margin: 0cm; font-size: medium; font-family: Calibri, sans-serif; caret-color: #000000; color: #000000; text-align: justify;\"><span lang=\"RO\"><b>\u00a0<\/b><\/span><\/p>\n<p class=\"MsoNormal\" style=\"margin: 0cm; font-size: medium; font-family: Calibri, sans-serif; caret-color: #000000; color: #000000; text-align: justify;\"><span style=\"font-weight: bold;\">Rezumat:<\/span> Contrar pesimismului general, modelul de cre\u0219tere rom\u00e2nesc bazat pe cre\u0219terea simultan\u0103 a exporturilor industriale si consumului intern a dat cea mai mare rat\u0103 de cre\u0219tere economic\u0103 din semi-periferia estic\u0103. Din acest punct de vedere criticii acestui model de cre\u0219tere au mult explica\u021bii de dat. \u00cen acela\u0219i timp, \u00eens\u0103, p\u00e2n\u0103 \u0219i corul de l\u0103ud\u0103tori accept\u0103 c\u0103 este un model care nu doar c\u0103 accentueaz\u0103 inegalit\u0103\u021bile, face prea pu\u021bin pentru cei (mul\u021bi) exclu\u0219i de la roadele cre\u0219terii \u0219i las\u0103 \u00een urma ora\u0219e pu\u021bin vivabile p\u00e2n\u0103 \u0219i \u00een cazurile de succes, dar con\u021bine, \u00een sine, ingredientele stagn\u0103rii ma\u0219inii investi\u021bionale \u0219i de consum care a accelerat p\u00e2n\u0103 acum aproape de maxim. Mai mult dec\u00e2t at\u00e2t, este un <a id=\"P3\"><\/a>model extrem de vulnerabil la consecin\u021bele previzibile ale crizei climatice, criza pentru care suntem preg\u0103ti\u021bi pu\u021bin, si oarecum cu for\u021ba, de constr\u00e2ngerile finan\u021b\u0103rilor UE, societatea rom\u00e2neasca negener\u00e2nd o alian\u021b\u0103 socio-politic\u0103 care s\u0103 cear\u0103 m\u0103car adaptare la ororile climaterice care se \u00eentrev\u0103d. Cum am ajuns aici? Ce e de f\u0103cut, dat fiind statul slab?<\/p>\n<p class=\"MsoNormal\" style=\"margin: 0cm; font-size: medium; font-family: Calibri, sans-serif; caret-color: #000000; color: #000000; text-align: justify;\"><span lang=\"RO\">\u00a0<\/span><\/p>\n<p class=\"MsoNormal\" style=\"margin: 0cm; font-size: medium; font-family: Calibri, sans-serif; caret-color: #000000; color: #000000; text-align: justify;\"><b><span lang=\"RO\">Moderatoare:\u00a0<\/span><\/b><span lang=\"RO\">Veronica Laz\u0103r (Universitatea Bucure\u0219ti)<b><\/b><\/span><\/p>\n<p class=\"MsoNormal\" style=\"margin: 0cm; font-size: medium; font-family: Calibri, sans-serif; caret-color: #000000; color: #000000; text-align: justify;\"><b><span lang=\"RO\">\u00a0<\/span><\/b><\/p>\n<p class=\"MsoNormal\" style=\"margin: 0cm; font-size: medium; font-family: Calibri, sans-serif; caret-color: #000000; color: #000000; text-align: justify;\"><b><span lang=\"RO\">\u00a0<\/span><\/b><\/p>\n<p class=\"MsoNormal\" style=\"margin: 0cm; font-size: medium; font-family: Calibri, sans-serif; caret-color: #000000; color: #000000; text-align: justify;\"><b><span lang=\"RO\">\u00a0<\/span><\/b><\/p>\n<p class=\"MsoNormal\" style=\"margin: 0cm; font-size: medium; font-family: Calibri, sans-serif; caret-color: #000000; color: #000000; text-align: justify;\"><b><span lang=\"RO\" style=\"color: #c00000;\">VINERI, 24 MARTIE, 18:00 \u2013 20:00<\/span><\/b><\/p>\n<p class=\"MsoNormal\" style=\"margin: 0cm; font-size: medium; font-family: Calibri, sans-serif; caret-color: #000000; color: #000000; text-align: justify;\"><b><span lang=\"RO\">\u00a0<\/span><\/b><b><span lang=\"RO\">\u00a0<\/span><\/b><\/p>\n<p class=\"MsoNormal\" style=\"margin: 0cm; font-size: medium; font-family: Calibri, sans-serif; caret-color: #000000; color: #000000; text-align: justify;\"><b><span lang=\"RO\">Enik\u0151 Vincze\u00a0<\/span><\/b><span lang=\"RO\">(<\/span><span lang=\"RO\">Facultatea de Studii Europene, Universitatea Babe\u0219-Bolyai)<\/span><b><\/b><\/p>\n<p class=\"MsoNormal\" style=\"margin: 0cm; font-size: medium; font-family: Calibri, sans-serif; caret-color: #000000; color: #000000; text-align: justify;\">Titlu:<b style=\"font-size: 1em;\">\u00a0Dezvoltare inegal\u0103 \u00een Rom\u00e2nia: condi\u021bie \u0219i produs al acumul\u0103rii de capital<\/b><\/p>\n<p class=\"MsoNormal\" style=\"text-align: start; margin: 0cm; font-size: medium; font-family: Calibri, sans-serif; caret-color: #000000; color: #000000;\"><span style=\"text-align: justify;\"><span style=\"font-weight: bold;\">\u00a0<\/span><\/span><\/p>\n<p class=\"MsoNormal\" style=\"text-align: start; margin: 0cm; font-size: medium; font-family: Calibri, sans-serif; caret-color: #000000; color: #000000;\"><span style=\"text-align: justify;\"><span style=\"font-weight: bold;\">Rezumat:<\/span> Prezentarea se bazeaz\u0103 pe teoriile dezvolt\u0103rii inegale \u0219i periferializ\u0103rii multiscalare, dar \u0219i pe cercet\u0103rile mele empirice realizate \u00een Rom\u00e2nia \u00een ultimii 10 ani despre rolul locuirii \u00een economia politic\u0103, dezvoltarea imobiliar\u0103 ca sursa acumul\u0103rii de capital, \u0219i dezvoltare teritorial\u0103. Voi vorbi despre dezvoltarea inegal\u0103 ca o condi\u021bie a acumul\u0103rii de capital din perspectiva transform\u0103rilor prin care Rom\u00e2nia a trecut \u00een ultimele decenii, \u0219i care i-au alocat un rol \u00een expansiunea teritorial\u0103 a capitalului ca solu\u021bie la crizele create de capitalism. Restructurarea economic\u0103 prin privatizare \u0219i dezindustrializare; refacerea dependen\u021bei economice de fluxurile de capital str\u0103in; precarizarea \u0219i pauperizarea for\u021bei de munc\u0103; exploatarea resurselor naturale pentru export \u00een condi\u021biile; privatizarea b\u0103ncilor \u0219i crearea unui sistem financiar pentru profit, sus\u021bin\u0103tor al economiei dependente de credit\/ \u00eendatorare; deschiderea de loca\u021bii \u00een Rom\u00e2nia pentru serviciile externalizate (prin outsourcing) ale unor companii multina\u021bionale, mai ales \u00een domeniul tehnologiei informa\u021biei sunt printre transform\u0103rile la care voi face referire. Apoi discut despre dezvoltarea inegal\u0103 ca produs al acumul\u0103rii de capital, despre cum se orienteaz\u0103 capitalul c\u0103tre teritorii \u0219i sectoare economice promi\u021b\u0103toare de profituri sigure, mari \u0219i rapide (de exemple spre locuire \u0219i dezvoltare imobiliar\u0103) \u00een \u021b\u0103rile semi-periferice ale capitalismului global financializat, \u0219i cum, astfel, cre\u0219terea economic\u0103 se acumuleaz\u0103 \u00een anumite teritorii \u00een timp ce altele sufer\u0103 de dezinvestire. Acest fapt a devenit inevitabil \u0219i \u00een Rom\u00e2nia, \u0219i pentru c\u0103 politica de stat a schimbat rolul statului \u00een economie, renun\u021b\u00e2nd la planificarea economic\u0103 \u0219i teritorial\u0103 \u00een contextul anti-comunismului generalizat. Convingerea mea este, c\u0103 o analiz\u0103 critic\u0103 a transform\u0103rilor capitaliste \u00een Rom\u00e2nia trebuie s\u0103 se canalizeze \u00eentr-o critic\u0103 a capitalismului, pentru c\u0103 Rom\u00e2nia nu este o \u021bar\u0103 a capitalismului e\u0219uat, ea mai degrab\u0103 ilustreaz\u0103 e\u0219ecul capitalismului. Sus\u021bin, c\u0103 analizele noastre trebuie s\u0103 fundamenteze o viziune despre alternativa socialist\u0103 la capitalism, \u00eencerc\u00e2nd s\u0103 r\u0103spund la \u00eentrebarea, dac\u0103 \u0219i cum se pot pune noile contradic\u021bii ale capitalismului post-neoliberal de stat militarizat, \u00een slujba realiz\u0103rii socialismului democratic.<\/span><\/p>\n<p class=\"MsoNormal\" style=\"margin: 0cm; font-size: medium; font-family: Calibri, sans-serif; caret-color: #000000; color: #000000; text-align: justify;\"><b><span lang=\"RO\">\u00a0<\/span><\/b><\/p>\n<p><b style=\"caret-color: #000000; color: #000000; font-family: Calibri, sans-serif; text-align: justify;\"><span lang=\"RO\">Moderatoare:\u00a0<\/span><\/b><span lang=\"RO\" style=\"caret-color: #000000; color: #000000; font-family: Calibri, sans-serif; text-align: justify;\">Irina Culic (Departamentul de Sociologie, Universitatea Babe\u0219-Bolyai<b>)<\/b><\/span><\/p>\n<p><span lang=\"RO\" style=\"caret-color: #000000; color: #000000; font-family: Calibri, sans-serif; text-align: justify;\"><b>\u00a0<\/b><\/span><\/p>\n<p><span lang=\"RO\" style=\"caret-color: #000000; color: #000000; font-family: Calibri, sans-serif; text-align: justify;\"><b>\u00a0<\/b><\/span><\/p>\n<p style=\"text-align: center;\"><span lang=\"RO\" style=\"caret-color: #000000; color: #000000; font-family: Calibri, sans-serif;\"><span style=\"font-family: 'Playfair Display', serif; font-size: 48px; font-weight: 900;\">LANSARE DE CARTE<\/span><\/span><\/p>\n<p class=\"MsoNormal\" style=\"margin: 0cm; font-size: medium; font-family: Calibri, sans-serif; caret-color: #000000; color: #000000; text-align: justify;\"><b style=\"font-size: 1em;\"><span lang=\"RO\" style=\"color: #c00000;\">Joi, 23 Martie, 14:00 \u2013 15:00<\/span><\/b><\/p>\n<p class=\"MsoNormal\" style=\"margin: 0cm; font-size: medium; font-family: Calibri, sans-serif; caret-color: #000000; color: #000000; text-align: justify;\">\u00a0<\/p>\n<p class=\"MsoNormal\" style=\"margin: 0cm; font-size: medium; font-family: Calibri, sans-serif; caret-color: #000000; color: #000000; text-align: justify;\"><b><span lang=\"RO\">Lansare carte: Bertolt Brecht \u2013 Trei piese antifasciste (Editura Tact)<\/span><\/b><\/p>\n<p class=\"MsoNormal\" style=\"margin: 0cm; font-size: medium; font-family: Calibri, sans-serif; caret-color: #000000; color: #000000; text-align: justify;\"><b><span lang=\"RO\">Particip\u0103:\u00a0<\/span><\/b><span lang=\"EN-GB\">David Schwartz, Veronica Laz\u0103r, Lorin Ghiman<\/span><i><span lang=\"RO\">\u00a0<\/span><\/i><\/p>\n<p>\u00a0<\/p>\n<p class=\"MsoNormal\" style=\"margin: 0cm; font-size: medium; font-family: Calibri, sans-serif; caret-color: #000000; color: #000000; text-align: justify;\"><span lang=\"EN-US\">\u201c<\/span><span lang=\"RO\">Spectacolul ar trebui s\u0103 provoace spectatorul s\u0103 g\u00e2ndeasc\u0103 \u0219i s\u0103 ac\u021bioneze, nu s\u0103 \u00eel cople\u0219easc\u0103 emo\u021bional. Or aceast\u0103 abordare este dezvoltat\u0103 de Brecht tocmai \u00een opozi\u021bie cu ceea ce percepea ca manipulare a emo\u021biilor \u0219i recurs la sentiment \u00een propaganda nazist\u0103. Discursul nazist st\u00e2rnea emo\u021bii primare, precum frica sau ura, prin strategii tipice teatrului burghez. Dup\u0103 venirea la putere a nazi\u0219tilor, Brecht va observa cu ironie amar\u0103 c\u0103 niciun regizor care apeleaz\u0103 la vechile mijloace de manipulare a emo\u021biilor nu poate rivaliza \u00een acest domeniu cu propagandi\u0219tii nazi\u0219ti. Teatrului care provoac\u0103 emo\u021bii necontrolate \u0219i adoarme ra\u021biunea, Brecht aspir\u0103 s\u0103 \u00eei opun\u0103 un teatru \u0219tiin\u021bific, care s\u0103 deconspire mecanismele iluziei \u0219i s\u0103 invite la cunoa\u0219tere \u0219i la pl\u0103cere. Acest teatru, pe care \u00eel nume\u0219te ini\u021bial epic, iar mai t\u00e2rziu dialectic, plaseaz\u0103 spectatorul \u00een rolul celui care judec\u0103, analizeaz\u0103, c\u00e2nt\u0103re\u0219te, se \u00eendoie\u0219te.\u201d ( David Schwartz)<\/span><span lang=\"RO\" style=\"font-size: 10pt; color: #c00000;\"><br style=\"break-before: page;\" clear=\"all\"><\/span><\/p>    <\/div>\n<\/div>\n<!-- \/module text -->        <\/div>\n                        <\/div>\n        <\/div>\n                        <div  data-lazy=\"1\" class=\"module_row themify_builder_row tb_cn0s165 tf_w\">\n                        <div class=\"row_inner col_align_top tb_col_count_1 tf_box tf_rel\">\n                        <div  data-lazy=\"1\" class=\"module_column tb-column tb_u26n810 first\">\n                            <\/div>\n                        <\/div>\n        <\/div>\n                        <div  data-lazy=\"1\" class=\"module_row themify_builder_row tb_32g5586 tf_w\">\n                        <div class=\"row_inner col_align_top tb_col_count_1 tf_box tf_rel\">\n                        <div  data-lazy=\"1\" class=\"module_column tb-column col-full tb_plp0586 first\">\n                            <\/div>\n                        <\/div>\n        <\/div>\n                        <div  data-lazy=\"1\" class=\"module_row themify_builder_row tb_obld817 tf_w\">\n                        <div class=\"row_inner col_align_top tb_col_count_1 tf_box tf_rel\">\n                        <div  data-lazy=\"1\" class=\"module_column tb-column col-full tb_rqd6818 first\">\n                    <div  class=\"module themify_builder_slider_wrap tf_clearfix module-testimonial-slider tb_pw7u893 testimonials image-top themify_builder_slider_vertical  wow\" data-tf-animation=\"fadeInUp\" data-lazy=\"1\">\n        <div class=\"themify_builder_slider tf_carousel tf_swiper-container tf_rel tf_overflow\" data-lazy=\"1\"        data-visible=\"1\"\n        data-tab-visible=\"1\"\n        data-mob-visible=\"1\"\n        data-scroll=\"1\"\n                    data-nav_out=\"1\"\n                        data-speed=\"normal\"\n        data-wrapvar=\"1\"\n        data-slider_nav=\"1\"\n        data-pager=\"0\"\n        data-effect=\"fade\" \n        data-height=\"variable\"\n        data-css_url=\"http:\/\/www.transformari-capitaliste.ro\/wp-content\/themes\/themify-ultra\/themify\/themify-builder\/css\/modules\/sliders\/carousel,http:\/\/www.transformari-capitaliste.ro\/wp-content\/themes\/themify-ultra\/themify\/themify-builder\/css\/modules\/sliders\/testimonial-slider\"\n                    >\n        <div class=\"tf_swiper-wrapper tf_lazy tf_rel tf_w tf_h tf_textc\">\n                <div class=\"post tf_swiper-slide\">            <div class=\"testimonial-item\">\n                                <div class=\"testimonial-content\">\n                                            <h3 class=\"testimonial-title\">IN MEMORIAM<\/h3>\n                                                                                    <div class=\"testimonial-entry-content\">\n                            <table style=\"border-collapse: collapse; width: 100%;\">\n<tbody>\n<tr>\n<td style=\"width: 18.15476190476191%;\">\u00a0<\/td>\n<td style=\"width: 59.226190476190474%; text-align: justify;\"><span lang=\"RO\">Conferin\u021ba \u2018<i>Transform\u0103ri capitaliste \u00een Rom\u00e2nia: dezvoltare inegal\u0103 \u0219i decalaje sociale<\/i>\u2019 este dedicat\u0103 memoriei lui <b>Tam\u00e1s G\u00e1sp\u00e1r Mikl\u00f3s<\/b> (1948 &#8211; 2023) a c\u0103rui activitate intelectual\u0103 a contribuit decisiv la consolidarea dialogului dintre maghiari \u0219i rom\u00e2ni \u00een Transilvania \u0219i a interogat neobosit ideile \u0219i practicile fasciste care amenin\u021b\u0103 pretutindeni \u00een Europa Central\u0103 \u0219i de Est convie\u021buirea inter-etnic\u0103. De asemenea TGM a fost una dintre primele voci critice care a problematizat efectele devastatoare ale transform\u0103rilor capitaliste \u0219i ale politicilor neo-liberale implementate \u00een multe \u021b\u0103ri din regiune care au generat o dizlocare a statului social, ample inegalit\u0103\u021bi sociale, precarizare economic\u0103 a unor grupuri vulnerabile \u0219i rasism.<\/span><\/td>\n<td style=\"width: 22.619047619047624%;\">\u00a0<\/td>\n<\/tr>\n<\/tbody>\n<\/table>\n<p style=\"text-align: justify;\">\u00a0<\/p>                        <\/div>\n                                                                <figure class=\"testimonial-image tf_lazy tf_rel\">\n                            <img src=\"data:image\/svg+xml,%3Csvg%20xmlns=%27http:\/\/www.w3.org\/2000\/svg%27%20width='121'%20height='121'%20viewBox=%270%200%20121%20121%27%3E%3C\/svg%3E\" loading=\"lazy\" data-lazy=\"1\" data-tf-not-load=\"1\" style=\"background:linear-gradient(to right,#61553f 25%,#434f45 25% 50%,#5c757a 50% 75%,#0a0f11 75%),linear-gradient(to right,#6e6451 25%,#e8bb84 25% 50%,#685545 50% 75%,#080b0b 75%),linear-gradient(to right,#756b51 25%,#462c22 25% 50%,#211814 50% 75%,#100d14 75%),linear-gradient(to right,#44331e 25%,#030303 25% 50%,#362d22 50% 75%,#0c0a0c 75%)\" decoding=\"async\" data-tf-src=\"http:\/\/www.transformari-capitaliste.ro\/wp-content\/uploads\/2023\/03\/Screenshot-2023-03-02-at-01.24.15-840x1024-121x121.png\" width=\"121\" height=\"121\" class=\"tf_svg_lazy wp-post-image wp-image-216\" title=\"Screenshot 2023-03-02 at 01.24.15\" alt=\"IN MEMORIAM\" data-tf-srcset=\"http:\/\/www.transformari-capitaliste.ro\/wp-content\/uploads\/2023\/03\/Screenshot-2023-03-02-at-01.24.15-840x1024-121x121.png 121w, http:\/\/www.transformari-capitaliste.ro\/wp-content\/uploads\/2023\/03\/Screenshot-2023-03-02-at-01.24.15-150x150.png 150w\" data-tf-sizes=\"(max-width: 121px) 100vw, 121px\" \/><noscript><img loading=\"lazy\" decoding=\"async\" data-tf-not-load src=\"http:\/\/www.transformari-capitaliste.ro\/wp-content\/uploads\/2023\/03\/Screenshot-2023-03-02-at-01.24.15-840x1024-121x121.png\" width=\"121\" height=\"121\" class=\"wp-post-image wp-image-216\" title=\"Screenshot 2023-03-02 at 01.24.15\" alt=\"IN MEMORIAM\" srcset=\"http:\/\/www.transformari-capitaliste.ro\/wp-content\/uploads\/2023\/03\/Screenshot-2023-03-02-at-01.24.15-840x1024-121x121.png 121w, http:\/\/www.transformari-capitaliste.ro\/wp-content\/uploads\/2023\/03\/Screenshot-2023-03-02-at-01.24.15-150x150.png 150w\" sizes=\"auto, (max-width: 121px) 100vw, 121px\" \/><\/noscript>                        <\/figure>\n                    \n                                            <div class=\"testimonial-author\">\n                            <div class=\"person-name\">Tam\u00e1s G\u00e1sp\u00e1r Mikl\u00f3s <\/div>\n                                                            <span class=\"person-position\">(1948 - 2023)<\/span>\n                                                                                <\/div>\n                                    <\/div>\n            <\/div>\n        <\/div><!-- .post -->            <div class=\"post tf_swiper-slide\" style=\"content-visibility:hidden\">            <div class=\"testimonial-item\">\n                                <div class=\"testimonial-content\">\n                                            <h3 class=\"testimonial-title\">IN MEMORIAM<\/h3>\n                                                                                    <div class=\"testimonial-entry-content\">\n                            <table style=\"border-collapse: collapse; width: 100%;\">\n<tbody>\n<tr>\n<td style=\"width: 18.15476190476191%;\">\u00a0<\/td>\n<td style=\"width: 59.226190476190474%; text-align: justify;\"><span lang=\"RO\">Conferin\u021ba \u2018<i>Transform\u0103ri capitaliste \u00een Rom\u00e2nia: dezvoltare inegal\u0103 \u0219i decalaje sociale<\/i>\u2019 este dedicat\u0103 memoriei lui <b>Tam\u00e1s G\u00e1sp\u00e1r Mikl\u00f3s<\/b> (1948 &#8211; 2023) a c\u0103rui activitate intelectual\u0103 a contribuit decisiv la consolidarea dialogului dintre maghiari \u0219i rom\u00e2ni \u00een Transilvania \u0219i a interogat neobosit ideile \u0219i practicile fasciste care amenin\u021b\u0103 pretutindeni \u00een Europa Central\u0103 \u0219i de Est convie\u021buirea inter-etnic\u0103. De asemenea TGM a fost una dintre primele voci critice care a problematizat efectele devastatoare ale transform\u0103rilor capitaliste \u0219i ale politicilor neo-liberale implementate \u00een multe \u021b\u0103ri din regiune care au generat o dizlocare a statului social, ample inegalit\u0103\u021bi sociale, precarizare economic\u0103 a unor grupuri vulnerabile \u0219i rasism.<\/span><\/td>\n<td style=\"width: 22.619047619047624%;\">\u00a0<\/td>\n<\/tr>\n<\/tbody>\n<\/table>\n<p style=\"text-align: justify;\">\u00a0<\/p>                        <\/div>\n                                                                <figure class=\"testimonial-image tf_lazy tf_rel\">\n                            <img src=\"data:image\/svg+xml,%3Csvg%20xmlns=%27http:\/\/www.w3.org\/2000\/svg%27%20width='121'%20height='121'%20viewBox=%270%200%20121%20121%27%3E%3C\/svg%3E\" loading=\"lazy\" data-lazy=\"1\" data-tf-not-load=\"1\" style=\"background:linear-gradient(to right,#61553f 25%,#434f45 25% 50%,#5c757a 50% 75%,#0a0f11 75%),linear-gradient(to right,#6e6451 25%,#e8bb84 25% 50%,#685545 50% 75%,#080b0b 75%),linear-gradient(to right,#756b51 25%,#462c22 25% 50%,#211814 50% 75%,#100d14 75%),linear-gradient(to right,#44331e 25%,#030303 25% 50%,#362d22 50% 75%,#0c0a0c 75%)\" decoding=\"async\" data-tf-src=\"http:\/\/www.transformari-capitaliste.ro\/wp-content\/uploads\/2023\/03\/Screenshot-2023-03-02-at-01.24.15-840x1024-121x121.png\" width=\"121\" height=\"121\" class=\"tf_svg_lazy wp-post-image wp-image-216\" title=\"Screenshot 2023-03-02 at 01.24.15\" alt=\"IN MEMORIAM\" data-tf-srcset=\"http:\/\/www.transformari-capitaliste.ro\/wp-content\/uploads\/2023\/03\/Screenshot-2023-03-02-at-01.24.15-840x1024-121x121.png 121w, http:\/\/www.transformari-capitaliste.ro\/wp-content\/uploads\/2023\/03\/Screenshot-2023-03-02-at-01.24.15-150x150.png 150w\" data-tf-sizes=\"(max-width: 121px) 100vw, 121px\" \/><noscript><img loading=\"lazy\" decoding=\"async\" data-tf-not-load src=\"http:\/\/www.transformari-capitaliste.ro\/wp-content\/uploads\/2023\/03\/Screenshot-2023-03-02-at-01.24.15-840x1024-121x121.png\" width=\"121\" height=\"121\" class=\"wp-post-image wp-image-216\" title=\"Screenshot 2023-03-02 at 01.24.15\" alt=\"IN MEMORIAM\" srcset=\"http:\/\/www.transformari-capitaliste.ro\/wp-content\/uploads\/2023\/03\/Screenshot-2023-03-02-at-01.24.15-840x1024-121x121.png 121w, http:\/\/www.transformari-capitaliste.ro\/wp-content\/uploads\/2023\/03\/Screenshot-2023-03-02-at-01.24.15-150x150.png 150w\" sizes=\"auto, (max-width: 121px) 100vw, 121px\" \/><\/noscript>                        <\/figure>\n                    \n                                            <div class=\"testimonial-author\">\n                            <div class=\"person-name\">Tam\u00e1s G\u00e1sp\u00e1r Mikl\u00f3s <\/div>\n                                                            <span class=\"person-position\">(1948 - 2023)<\/span>\n                                                                                <\/div>\n                                    <\/div>\n            <\/div>\n        <\/div><!-- .post -->                <\/div>\n    <\/div>\n<\/div>\n        <\/div>\n                        <\/div>\n        <\/div>\n        <\/div>\n<!--\/themify_builder_content-->","protected":false},"excerpt":{"rendered":"<p>Evenimente SpecialePrelegerile Conferin\u021bei \u00a0 \u00a0 PRELEGERI \u00a0 Joi, 23 MARTIE, 12:00 \u2013 14:00 \u00a0 Aurora Trif\u00a0(Dublin City University) Titlu:\u00a0Lupta sindicatelor \u00eempotriva muncii precare: misiune imposibil\u0103 \u00een Rom\u00e2nia? \u00a0 Rezumat:\u00a0Tranzi\u021bia de la socialism la economia de pia\u021b\u0103 a contribuit la cre\u0219terea muncii precare \u0219i la sc\u0103derea puterii sindicatelor \u00een Rom\u00e2nia. Acest fenomen a fost accentuat de [&hellip;]<\/p>\n","protected":false},"author":1,"featured_media":0,"parent":0,"menu_order":0,"comment_status":"closed","ping_status":"closed","template":"","meta":{"om_disable_all_campaigns":false,"_mi_skip_tracking":false,"footnotes":""},"class_list":["post-48","page","type-page","status-publish","hentry","has-post-title","has-post-date","has-post-category","has-post-tag","has-post-comment","has-post-author",""],"aioseo_notices":[],"builder_content":"<h1>Evenimente Speciale<br\/>Prelegerile Conferin\u021bei<\/h1>\n<p style=\"text-align: center;\"><b style=\"caret-color: #000000; color: #000000; font-family: Calibri, sans-serif; text-align: justify;\">\u00a0<\/b><\/p> <p><b style=\"caret-color: #000000; color: #000000; font-family: Calibri, sans-serif; text-align: justify;\">\u00a0<\/b><\/p> <p style=\"text-align: center;\"><a id=\"P1\"><\/a>PRELEGERI<b style=\"caret-color: #000000; color: #000000; font-family: Calibri, sans-serif; text-align: justify;\"><br><\/b><\/p> <p><b style=\"caret-color: #000000; color: #000000; font-family: Calibri, sans-serif; text-align: justify;\">\u00a0<\/b><\/p> <p><b style=\"caret-color: #000000; color: #000000; font-family: Calibri, sans-serif; text-align: justify;\">Joi, 23 MARTIE, 12:00 \u2013 14:00<\/b><\/p> <p style=\"margin: 0cm; font-size: medium; font-family: Calibri, sans-serif; caret-color: #000000; color: #000000; text-align: justify;\">\u00a0<\/p> <p style=\"margin: 0cm; font-size: medium; font-family: Calibri, sans-serif; caret-color: #000000; color: #000000; text-align: justify;\"><b style=\"font-size: 1em;\">Aurora Trif\u00a0<\/b>(Dublin City University)<\/p> <p style=\"margin: 0cm; font-size: medium; font-family: Calibri, sans-serif; caret-color: #000000; color: #000000; text-align: justify;\">Titlu:<b>\u00a0Lupta sindicatelor \u00eempotriva muncii precare: misiune imposibil\u0103 \u00een Rom\u00e2nia?<\/b><\/p> <p style=\"margin: 0cm; font-size: medium; font-family: Calibri, sans-serif; caret-color: #000000; color: #000000; text-align: justify;\"><b>\u00a0<\/b><\/p> <p style=\"margin: 0cm; font-size: medium; font-family: Calibri, sans-serif; caret-color: #000000; color: #000000; text-align: justify;\">Rezumat:\u00a0Tranzi\u021bia de la socialism la economia de pia\u021b\u0103 a contribuit la cre\u0219terea muncii precare \u0219i la sc\u0103derea puterii sindicatelor \u00een Rom\u00e2nia. Acest fenomen a fost accentuat de criza economic\u0103 din 2008, c\u00e2nd guvernul a redus semnificativ drepturile individuale \u0219i colective ale angaja\u021bilor. \u00cen contextul \u00een care drepturi fundamentale ale sindicatelor au fost suprimate (ex. prin legea dialogului social din 2011), iar drepturile angajatorilor de a folosi contracte nestandard \u0219i alte m\u0103suri pentru a reduce costurile for\u021bei de munc\u0103 au fost consolidate, este posibil ca sindicatele s\u0103 lupte \u00eempotriva precarit\u0103\u021bii? \u00cen mod tradi\u021bional, precaritatea se refer\u0103 la nesiguran\u021ba ridicat\u0103 a locului de munc\u0103 a lucr\u0103torilor cu contracte nestandard. Consider\u00e2nd c\u0103 m\u0103surile adoptate \u00een timpul crizei economice din 2008 au redus protec\u021bia angaja\u021bilor cu contracte standard, acest studiu dezvolt\u0103 o conceptualizare multidimensional\u0103 a muncii precare, pentru a identifica ac\u021biuni sindicale care urm\u0103resc sc\u0103derea precarit\u0103\u021bii pentru angaja\u021bi \u0219i\/sau lucr\u0103tori. Ac\u021biunile sindicatelor sunt considerate de succes dac\u0103 induc o \u00eembun\u0103t\u0103\u021bire m\u0103surabil\u0103 \u00een cel pu\u021bin una dintre dintre urm\u0103toarele aspecte: (i) venituri nesigure sau sc\u0103zute (ex. salariu minim), (ii) timp de lucru imprevizibil, (iii) nesiguran\u021b\u0103 ridicat\u0103 a locului de munc\u0103, (iv) lipsa de reprezentare sindical\u0103 \u0219i (v) dumpingul social. Aceast\u0103 prelegere se focalizeaz\u0103 pe examinarea condi\u021biilor \u00een ce care sindicatele au reu\u0219it s\u0103 reduc\u0103 precaritatea \u00een cinci sectoare (agen\u021bii de plasare a for\u021bei de munc\u0103, automobile, comer\u021b, construc\u021bii \u0219i s\u0103n\u0103tate) dupa 2008. Investigarea ac\u021biunilor sindicale de succes \u0219i a celor nereu\u0219ite arat\u0103 c\u0103, \u00een fiecare sector, sindicatele care \u00ee\u0219i mobilizeaz\u0103 resursele interne au reu\u0219it s\u0103 reduc\u0103 dimensiuni ale precarit\u0103\u021bii, cum ar fi salariile mici, lipsa de reprezentare \u0219i timpul de lucru neregulat. Rezultatele arat\u0103 c\u0103 sindicatele ale c\u0103ror obiective se bazeaz\u0103 pe discursuri conving\u0103toare c\u00e2\u0219tig-c\u00e2\u0219tig pot <a id=\"P2\"><\/a>combate anumite aspecte ale precaritatii chiar \u0219i \u00een condi\u021bii nefavorabile. \u00cen plus, perseveren\u021ba sindicatelor dup\u0103 demersuri nereu\u0219ite \u0219i capacitatea lor de a folosi oportunit\u0103\u021bi externe (ex. Planul Na\u021bional de Redresare \u0219i Rezilien\u021b\u0103) au contribuit la adoptarea legii 367\/2022 care \u00eembun\u0103t\u0103\u021beste accesul angaja\u021bilor \u0219i lucr\u0103torilor la reprezentare sindical\u0103.<\/p> <p style=\"margin: 0cm; font-size: medium; font-family: Calibri, sans-serif; caret-color: #000000; color: #000000; text-align: justify;\">\u00a0<\/p> <p style=\"margin: 0cm; font-size: medium; font-family: Calibri, sans-serif; caret-color: #000000; color: #000000; text-align: justify;\"><b>Moderator<\/b>: Drago\u0219 Ad\u0103sc\u0103li\u021bei (Eurofound)<\/p> <p style=\"margin: 0cm; font-size: medium; font-family: Calibri, sans-serif; caret-color: #000000; color: #000000; text-align: justify;\"><b>\u00a0<\/b><\/p> <p style=\"margin: 0cm; font-size: medium; font-family: Calibri, sans-serif; caret-color: #000000; color: #000000; text-align: justify;\"><b>\u00a0<\/b><\/p> <p style=\"margin: 0cm; font-size: medium; font-family: Calibri, sans-serif; caret-color: #000000; color: #000000; text-align: justify;\"><b>\u00a0<\/b><\/p> <p style=\"margin: 0cm; font-size: medium; font-family: Calibri, sans-serif; caret-color: #000000; color: #000000; text-align: justify;\"><b>VINERI, 24 MARTIE, 12:00 \u2013 14:00<\/b><\/p> <p style=\"margin: 0cm; font-size: medium; font-family: Calibri, sans-serif; caret-color: #000000; color: #000000; text-align: justify;\">\u00a0<\/p> <p style=\"margin: 0cm; font-size: medium; font-family: Calibri, sans-serif; caret-color: #000000; color: #000000; text-align: justify;\"><b>Cornel Ban\u00a0<\/b>(Copenhagen Business School, Danemarca)<br><\/p> <p style=\"margin: 0cm; font-size: medium; font-family: Calibri, sans-serif; caret-color: #000000; color: #000000; text-align: justify;\">Titlu:\u00a0<b>Dependen\u021ba tensionat\u0103 a modelului rom\u00e2nesc de cre\u0219tere economic\u0103: disfunc\u021bionalit\u0103\u021bi sociale \u0219i vulnerabilitate climatic\u0103<\/b><\/p> <p style=\"margin: 0cm; font-size: medium; font-family: Calibri, sans-serif; caret-color: #000000; color: #000000; text-align: justify;\"><b>\u00a0<\/b><\/p> <p style=\"margin: 0cm; font-size: medium; font-family: Calibri, sans-serif; caret-color: #000000; color: #000000; text-align: justify;\">Rezumat: Contrar pesimismului general, modelul de cre\u0219tere rom\u00e2nesc bazat pe cre\u0219terea simultan\u0103 a exporturilor industriale si consumului intern a dat cea mai mare rat\u0103 de cre\u0219tere economic\u0103 din semi-periferia estic\u0103. Din acest punct de vedere criticii acestui model de cre\u0219tere au mult explica\u021bii de dat. \u00cen acela\u0219i timp, \u00eens\u0103, p\u00e2n\u0103 \u0219i corul de l\u0103ud\u0103tori accept\u0103 c\u0103 este un model care nu doar c\u0103 accentueaz\u0103 inegalit\u0103\u021bile, face prea pu\u021bin pentru cei (mul\u021bi) exclu\u0219i de la roadele cre\u0219terii \u0219i las\u0103 \u00een urma ora\u0219e pu\u021bin vivabile p\u00e2n\u0103 \u0219i \u00een cazurile de succes, dar con\u021bine, \u00een sine, ingredientele stagn\u0103rii ma\u0219inii investi\u021bionale \u0219i de consum care a accelerat p\u00e2n\u0103 acum aproape de maxim. Mai mult dec\u00e2t at\u00e2t, este un <a id=\"P3\"><\/a>model extrem de vulnerabil la consecin\u021bele previzibile ale crizei climatice, criza pentru care suntem preg\u0103ti\u021bi pu\u021bin, si oarecum cu for\u021ba, de constr\u00e2ngerile finan\u021b\u0103rilor UE, societatea rom\u00e2neasca negener\u00e2nd o alian\u021b\u0103 socio-politic\u0103 care s\u0103 cear\u0103 m\u0103car adaptare la ororile climaterice care se \u00eentrev\u0103d. Cum am ajuns aici? Ce e de f\u0103cut, dat fiind statul slab?<\/p> <p style=\"margin: 0cm; font-size: medium; font-family: Calibri, sans-serif; caret-color: #000000; color: #000000; text-align: justify;\">\u00a0<\/p> <p style=\"margin: 0cm; font-size: medium; font-family: Calibri, sans-serif; caret-color: #000000; color: #000000; text-align: justify;\"><b>Moderatoare:\u00a0<\/b>Veronica Laz\u0103r (Universitatea Bucure\u0219ti)<b><\/b><\/p> <p style=\"margin: 0cm; font-size: medium; font-family: Calibri, sans-serif; caret-color: #000000; color: #000000; text-align: justify;\"><b>\u00a0<\/b><\/p> <p style=\"margin: 0cm; font-size: medium; font-family: Calibri, sans-serif; caret-color: #000000; color: #000000; text-align: justify;\"><b>\u00a0<\/b><\/p> <p style=\"margin: 0cm; font-size: medium; font-family: Calibri, sans-serif; caret-color: #000000; color: #000000; text-align: justify;\"><b>\u00a0<\/b><\/p> <p style=\"margin: 0cm; font-size: medium; font-family: Calibri, sans-serif; caret-color: #000000; color: #000000; text-align: justify;\"><b>VINERI, 24 MARTIE, 18:00 \u2013 20:00<\/b><\/p> <p style=\"margin: 0cm; font-size: medium; font-family: Calibri, sans-serif; caret-color: #000000; color: #000000; text-align: justify;\"><b>\u00a0<\/b><b>\u00a0<\/b><\/p> <p style=\"margin: 0cm; font-size: medium; font-family: Calibri, sans-serif; caret-color: #000000; color: #000000; text-align: justify;\"><b>Enik\u0151 Vincze\u00a0<\/b>(Facultatea de Studii Europene, Universitatea Babe\u0219-Bolyai)<b><\/b><\/p> <p style=\"margin: 0cm; font-size: medium; font-family: Calibri, sans-serif; caret-color: #000000; color: #000000; text-align: justify;\">Titlu:<b style=\"font-size: 1em;\">\u00a0Dezvoltare inegal\u0103 \u00een Rom\u00e2nia: condi\u021bie \u0219i produs al acumul\u0103rii de capital<\/b><\/p> <p style=\"text-align: start; margin: 0cm; font-size: medium; font-family: Calibri, sans-serif; caret-color: #000000; color: #000000;\">\u00a0<\/p> <p style=\"text-align: start; margin: 0cm; font-size: medium; font-family: Calibri, sans-serif; caret-color: #000000; color: #000000;\">Rezumat: Prezentarea se bazeaz\u0103 pe teoriile dezvolt\u0103rii inegale \u0219i periferializ\u0103rii multiscalare, dar \u0219i pe cercet\u0103rile mele empirice realizate \u00een Rom\u00e2nia \u00een ultimii 10 ani despre rolul locuirii \u00een economia politic\u0103, dezvoltarea imobiliar\u0103 ca sursa acumul\u0103rii de capital, \u0219i dezvoltare teritorial\u0103. Voi vorbi despre dezvoltarea inegal\u0103 ca o condi\u021bie a acumul\u0103rii de capital din perspectiva transform\u0103rilor prin care Rom\u00e2nia a trecut \u00een ultimele decenii, \u0219i care i-au alocat un rol \u00een expansiunea teritorial\u0103 a capitalului ca solu\u021bie la crizele create de capitalism. Restructurarea economic\u0103 prin privatizare \u0219i dezindustrializare; refacerea dependen\u021bei economice de fluxurile de capital str\u0103in; precarizarea \u0219i pauperizarea for\u021bei de munc\u0103; exploatarea resurselor naturale pentru export \u00een condi\u021biile; privatizarea b\u0103ncilor \u0219i crearea unui sistem financiar pentru profit, sus\u021bin\u0103tor al economiei dependente de credit\/ \u00eendatorare; deschiderea de loca\u021bii \u00een Rom\u00e2nia pentru serviciile externalizate (prin outsourcing) ale unor companii multina\u021bionale, mai ales \u00een domeniul tehnologiei informa\u021biei sunt printre transform\u0103rile la care voi face referire. Apoi discut despre dezvoltarea inegal\u0103 ca produs al acumul\u0103rii de capital, despre cum se orienteaz\u0103 capitalul c\u0103tre teritorii \u0219i sectoare economice promi\u021b\u0103toare de profituri sigure, mari \u0219i rapide (de exemple spre locuire \u0219i dezvoltare imobiliar\u0103) \u00een \u021b\u0103rile semi-periferice ale capitalismului global financializat, \u0219i cum, astfel, cre\u0219terea economic\u0103 se acumuleaz\u0103 \u00een anumite teritorii \u00een timp ce altele sufer\u0103 de dezinvestire. Acest fapt a devenit inevitabil \u0219i \u00een Rom\u00e2nia, \u0219i pentru c\u0103 politica de stat a schimbat rolul statului \u00een economie, renun\u021b\u00e2nd la planificarea economic\u0103 \u0219i teritorial\u0103 \u00een contextul anti-comunismului generalizat. Convingerea mea este, c\u0103 o analiz\u0103 critic\u0103 a transform\u0103rilor capitaliste \u00een Rom\u00e2nia trebuie s\u0103 se canalizeze \u00eentr-o critic\u0103 a capitalismului, pentru c\u0103 Rom\u00e2nia nu este o \u021bar\u0103 a capitalismului e\u0219uat, ea mai degrab\u0103 ilustreaz\u0103 e\u0219ecul capitalismului. Sus\u021bin, c\u0103 analizele noastre trebuie s\u0103 fundamenteze o viziune despre alternativa socialist\u0103 la capitalism, \u00eencerc\u00e2nd s\u0103 r\u0103spund la \u00eentrebarea, dac\u0103 \u0219i cum se pot pune noile contradic\u021bii ale capitalismului post-neoliberal de stat militarizat, \u00een slujba realiz\u0103rii socialismului democratic.<\/p> <p style=\"margin: 0cm; font-size: medium; font-family: Calibri, sans-serif; caret-color: #000000; color: #000000; text-align: justify;\"><b>\u00a0<\/b><\/p> <p><b style=\"caret-color: #000000; color: #000000; font-family: Calibri, sans-serif; text-align: justify;\">Moderatoare:\u00a0<\/b>Irina Culic (Departamentul de Sociologie, Universitatea Babe\u0219-Bolyai<b>)<\/b><\/p> <p><b>\u00a0<\/b><\/p> <p><b>\u00a0<\/b><\/p> <p style=\"text-align: center;\">LANSARE DE CARTE<\/p> <p style=\"margin: 0cm; font-size: medium; font-family: Calibri, sans-serif; caret-color: #000000; color: #000000; text-align: justify;\"><b style=\"font-size: 1em;\">Joi, 23 Martie, 14:00 \u2013 15:00<\/b><\/p> <p style=\"margin: 0cm; font-size: medium; font-family: Calibri, sans-serif; caret-color: #000000; color: #000000; text-align: justify;\">\u00a0<\/p> <p style=\"margin: 0cm; font-size: medium; font-family: Calibri, sans-serif; caret-color: #000000; color: #000000; text-align: justify;\"><b>Lansare carte: Bertolt Brecht \u2013 Trei piese antifasciste (Editura Tact)<\/b><\/p> <p style=\"margin: 0cm; font-size: medium; font-family: Calibri, sans-serif; caret-color: #000000; color: #000000; text-align: justify;\"><b>Particip\u0103:\u00a0<\/b>David Schwartz, Veronica Laz\u0103r, Lorin Ghiman<i>\u00a0<\/i><\/p> <p>\u00a0<\/p> <p style=\"margin: 0cm; font-size: medium; font-family: Calibri, sans-serif; caret-color: #000000; color: #000000; text-align: justify;\">\u201cSpectacolul ar trebui s\u0103 provoace spectatorul s\u0103 g\u00e2ndeasc\u0103 \u0219i s\u0103 ac\u021bioneze, nu s\u0103 \u00eel cople\u0219easc\u0103 emo\u021bional. Or aceast\u0103 abordare este dezvoltat\u0103 de Brecht tocmai \u00een opozi\u021bie cu ceea ce percepea ca manipulare a emo\u021biilor \u0219i recurs la sentiment \u00een propaganda nazist\u0103. Discursul nazist st\u00e2rnea emo\u021bii primare, precum frica sau ura, prin strategii tipice teatrului burghez. Dup\u0103 venirea la putere a nazi\u0219tilor, Brecht va observa cu ironie amar\u0103 c\u0103 niciun regizor care apeleaz\u0103 la vechile mijloace de manipulare a emo\u021biilor nu poate rivaliza \u00een acest domeniu cu propagandi\u0219tii nazi\u0219ti. Teatrului care provoac\u0103 emo\u021bii necontrolate \u0219i adoarme ra\u021biunea, Brecht aspir\u0103 s\u0103 \u00eei opun\u0103 un teatru \u0219tiin\u021bific, care s\u0103 deconspire mecanismele iluziei \u0219i s\u0103 invite la cunoa\u0219tere \u0219i la pl\u0103cere. Acest teatru, pe care \u00eel nume\u0219te ini\u021bial epic, iar mai t\u00e2rziu dialectic, plaseaz\u0103 spectatorul \u00een rolul celui care judec\u0103, analizeaz\u0103, c\u00e2nt\u0103re\u0219te, se \u00eendoie\u0219te.\u201d ( David Schwartz)<br style=\"break-before: page;\" clear=\"all\"><\/p>\n<h3>IN MEMORIAM<\/h3> <table style=\"border-collapse: collapse; width: 100%;\"> <tbody> <tr> <td style=\"width: 18.15476190476191%;\">\u00a0<\/td> <td style=\"width: 59.226190476190474%; text-align: justify;\">Conferin\u021ba \u2018<i>Transform\u0103ri capitaliste \u00een Rom\u00e2nia: dezvoltare inegal\u0103 \u0219i decalaje sociale<\/i>\u2019 este dedicat\u0103 memoriei lui <b>Tam\u00e1s G\u00e1sp\u00e1r Mikl\u00f3s<\/b> (1948 - 2023) a c\u0103rui activitate intelectual\u0103 a contribuit decisiv la consolidarea dialogului dintre maghiari \u0219i rom\u00e2ni \u00een Transilvania \u0219i a interogat neobosit ideile \u0219i practicile fasciste care amenin\u021b\u0103 pretutindeni \u00een Europa Central\u0103 \u0219i de Est convie\u021buirea inter-etnic\u0103. De asemenea TGM a fost una dintre primele voci critice care a problematizat efectele devastatoare ale transform\u0103rilor capitaliste \u0219i ale politicilor neo-liberale implementate \u00een multe \u021b\u0103ri din regiune care au generat o dizlocare a statului social, ample inegalit\u0103\u021bi sociale, precarizare economic\u0103 a unor grupuri vulnerabile \u0219i rasism.<\/td> <td style=\"width: 22.619047619047624%;\">\u00a0<\/td> <\/tr> <\/tbody> <\/table> <p style=\"text-align: justify;\">\u00a0<\/p> <figure> <img src=\"data:image\/svg+xml,%3Csvg%20xmlns=%27http:\/\/www.w3.org\/2000\/svg%27%20width='121'%20height='121'%20viewBox=%270%200%20121%20121%27%3E%3C\/svg%3E\" loading=\"lazy\" data-lazy=\"1\" data-tf-not-load=\"1\" style=\"background:linear-gradient(to right,#61553f 25%,#434f45 25% 50%,#5c757a 50% 75%,#0a0f11 75%),linear-gradient(to right,#6e6451 25%,#e8bb84 25% 50%,#685545 50% 75%,#080b0b 75%),linear-gradient(to right,#756b51 25%,#462c22 25% 50%,#211814 50% 75%,#100d14 75%),linear-gradient(to right,#44331e 25%,#030303 25% 50%,#362d22 50% 75%,#0c0a0c 75%)\" decoding=\"async\" data-tf-src=\"http:\/\/www.transformari-capitaliste.ro\/wp-content\/uploads\/2023\/03\/Screenshot-2023-03-02-at-01.24.15-840x1024-121x121.png\" width=\"121\" height=\"121\" title=\"Screenshot 2023-03-02 at 01.24.15\" alt=\"IN MEMORIAM\" data-tf-srcset=\"http:\/\/www.transformari-capitaliste.ro\/wp-content\/uploads\/2023\/03\/Screenshot-2023-03-02-at-01.24.15-840x1024-121x121.png 121w, http:\/\/www.transformari-capitaliste.ro\/wp-content\/uploads\/2023\/03\/Screenshot-2023-03-02-at-01.24.15-150x150.png 150w\" data-tf-sizes=\"(max-width: 121px) 100vw, 121px\" \/><noscript><img data-tf-not-load src=\"http:\/\/www.transformari-capitaliste.ro\/wp-content\/uploads\/2023\/03\/Screenshot-2023-03-02-at-01.24.15-840x1024-121x121.png\" width=\"121\" height=\"121\" title=\"Screenshot 2023-03-02 at 01.24.15\" alt=\"IN MEMORIAM\" srcset=\"http:\/\/www.transformari-capitaliste.ro\/wp-content\/uploads\/2023\/03\/Screenshot-2023-03-02-at-01.24.15-840x1024-121x121.png 121w, http:\/\/www.transformari-capitaliste.ro\/wp-content\/uploads\/2023\/03\/Screenshot-2023-03-02-at-01.24.15-150x150.png 150w\" sizes=\"(max-width: 121px) 100vw, 121px\" \/><\/noscript> <\/figure> Tam\u00e1s G\u00e1sp\u00e1r Mikl\u00f3s (1948 - 2023) <h3>IN MEMORIAM<\/h3> <table style=\"border-collapse: collapse; width: 100%;\"> <tbody> <tr> <td style=\"width: 18.15476190476191%;\">\u00a0<\/td> <td style=\"width: 59.226190476190474%; text-align: justify;\">Conferin\u021ba \u2018<i>Transform\u0103ri capitaliste \u00een Rom\u00e2nia: dezvoltare inegal\u0103 \u0219i decalaje sociale<\/i>\u2019 este dedicat\u0103 memoriei lui <b>Tam\u00e1s G\u00e1sp\u00e1r Mikl\u00f3s<\/b> (1948 - 2023) a c\u0103rui activitate intelectual\u0103 a contribuit decisiv la consolidarea dialogului dintre maghiari \u0219i rom\u00e2ni \u00een Transilvania \u0219i a interogat neobosit ideile \u0219i practicile fasciste care amenin\u021b\u0103 pretutindeni \u00een Europa Central\u0103 \u0219i de Est convie\u021buirea inter-etnic\u0103. De asemenea TGM a fost una dintre primele voci critice care a problematizat efectele devastatoare ale transform\u0103rilor capitaliste \u0219i ale politicilor neo-liberale implementate \u00een multe \u021b\u0103ri din regiune care au generat o dizlocare a statului social, ample inegalit\u0103\u021bi sociale, precarizare economic\u0103 a unor grupuri vulnerabile \u0219i rasism.<\/td> <td style=\"width: 22.619047619047624%;\">\u00a0<\/td> <\/tr> <\/tbody> <\/table> <p style=\"text-align: justify;\">\u00a0<\/p> <figure> <img src=\"data:image\/svg+xml,%3Csvg%20xmlns=%27http:\/\/www.w3.org\/2000\/svg%27%20width='121'%20height='121'%20viewBox=%270%200%20121%20121%27%3E%3C\/svg%3E\" loading=\"lazy\" data-lazy=\"1\" data-tf-not-load=\"1\" style=\"background:linear-gradient(to right,#61553f 25%,#434f45 25% 50%,#5c757a 50% 75%,#0a0f11 75%),linear-gradient(to right,#6e6451 25%,#e8bb84 25% 50%,#685545 50% 75%,#080b0b 75%),linear-gradient(to right,#756b51 25%,#462c22 25% 50%,#211814 50% 75%,#100d14 75%),linear-gradient(to right,#44331e 25%,#030303 25% 50%,#362d22 50% 75%,#0c0a0c 75%)\" decoding=\"async\" data-tf-src=\"http:\/\/www.transformari-capitaliste.ro\/wp-content\/uploads\/2023\/03\/Screenshot-2023-03-02-at-01.24.15-840x1024-121x121.png\" width=\"121\" height=\"121\" title=\"Screenshot 2023-03-02 at 01.24.15\" alt=\"IN MEMORIAM\" data-tf-srcset=\"http:\/\/www.transformari-capitaliste.ro\/wp-content\/uploads\/2023\/03\/Screenshot-2023-03-02-at-01.24.15-840x1024-121x121.png 121w, http:\/\/www.transformari-capitaliste.ro\/wp-content\/uploads\/2023\/03\/Screenshot-2023-03-02-at-01.24.15-150x150.png 150w\" data-tf-sizes=\"(max-width: 121px) 100vw, 121px\" \/><noscript><img data-tf-not-load src=\"http:\/\/www.transformari-capitaliste.ro\/wp-content\/uploads\/2023\/03\/Screenshot-2023-03-02-at-01.24.15-840x1024-121x121.png\" width=\"121\" height=\"121\" title=\"Screenshot 2023-03-02 at 01.24.15\" alt=\"IN MEMORIAM\" srcset=\"http:\/\/www.transformari-capitaliste.ro\/wp-content\/uploads\/2023\/03\/Screenshot-2023-03-02-at-01.24.15-840x1024-121x121.png 121w, http:\/\/www.transformari-capitaliste.ro\/wp-content\/uploads\/2023\/03\/Screenshot-2023-03-02-at-01.24.15-150x150.png 150w\" sizes=\"(max-width: 121px) 100vw, 121px\" \/><\/noscript> <\/figure> Tam\u00e1s G\u00e1sp\u00e1r Mikl\u00f3s (1948 - 2023)","_links":{"self":[{"href":"http:\/\/www.transformari-capitaliste.ro\/index.php\/wp-json\/wp\/v2\/pages\/48","targetHints":{"allow":["GET"]}}],"collection":[{"href":"http:\/\/www.transformari-capitaliste.ro\/index.php\/wp-json\/wp\/v2\/pages"}],"about":[{"href":"http:\/\/www.transformari-capitaliste.ro\/index.php\/wp-json\/wp\/v2\/types\/page"}],"author":[{"embeddable":true,"href":"http:\/\/www.transformari-capitaliste.ro\/index.php\/wp-json\/wp\/v2\/users\/1"}],"replies":[{"embeddable":true,"href":"http:\/\/www.transformari-capitaliste.ro\/index.php\/wp-json\/wp\/v2\/comments?post=48"}],"version-history":[{"count":34,"href":"http:\/\/www.transformari-capitaliste.ro\/index.php\/wp-json\/wp\/v2\/pages\/48\/revisions"}],"predecessor-version":[{"id":563,"href":"http:\/\/www.transformari-capitaliste.ro\/index.php\/wp-json\/wp\/v2\/pages\/48\/revisions\/563"}],"wp:attachment":[{"href":"http:\/\/www.transformari-capitaliste.ro\/index.php\/wp-json\/wp\/v2\/media?parent=48"}],"curies":[{"name":"wp","href":"https:\/\/api.w.org\/{rel}","templated":true}]}}