{"id":51,"date":"2017-03-23T11:13:10","date_gmt":"2017-03-23T11:13:10","guid":{"rendered":"http:\/\/www.transformari-capitaliste.ro\/index.php\/about-us-2\/"},"modified":"2023-03-10T12:13:22","modified_gmt":"2023-03-10T12:13:22","slug":"program","status":"publish","type":"page","link":"http:\/\/www.transformari-capitaliste.ro\/index.php\/program\/","title":{"rendered":"Program conferin\u021b\u0103"},"content":{"rendered":"<div class=\"wp-block-group is-layout-constrained wp-block-group-is-layout-constrained\"><\/div>\n\n\n\n<p><\/p>\n\n<!--themify_builder_content-->\n<div id=\"themify_builder_content-51\" data-postid=\"51\" class=\"themify_builder_content themify_builder_content-51 themify_builder tf_clear\">\n                    <div  data-lazy=\"1\" class=\"module_row themify_builder_row vertical-divider tb_gyk3725 tb_first tf_w\">\n            <span class=\"builder_row_cover tf_abs\"><\/span>            <div class=\"row_inner col_align_top tb_col_count_1 tf_box tf_rel\">\n                        <div  data-lazy=\"1\" class=\"module_column tb-column col-full tb_2bf3726 first\">\n                    <!-- module fancy heading -->\n<div  class=\"module module-fancy-heading tb_t728726  tb_hide_divider wow\" data-tf-animation=\"fadeIn\" data-lazy=\"1\">\n        <h1 class=\"fancy-heading tf_textc\">\n    <span class=\"main-head tf_block\">\n                    SINOPTIC            <\/span>\n\n    \n    <span class=\"sub-head tf_block tf_rel\">\n                    Programul conferin\u021bei            <\/span>\n    <\/h1>\n<\/div>\n<!-- \/module fancy heading -->\n<!-- module text -->\n<div  class=\"module module-text tb_obto726   \" data-lazy=\"1\">\n        <div  class=\"tb_text_wrap\">\n            <\/div>\n<\/div>\n<!-- \/module text -->        <\/div>\n                        <\/div>\n        <\/div>\n                        <div  data-lazy=\"1\" class=\"module_row themify_builder_row tb_q9tl951 tf_w\">\n                        <div class=\"row_inner col_align_top tb_col_count_3 tf_box tf_rel\">\n                        <div  data-lazy=\"1\" class=\"module_column tb-column col3-1 tb_kn74979 first\">\n                    <!-- module text -->\n<div  class=\"module module-text tb_kb48000 dropcap  tb_text_dropcap\" data-lazy=\"1\">\n        <div  class=\"tb_text_wrap\">\n        <p style=\"text-align: left;\">Ultimele trei decenii de transform\u0103ri capitaliste au schimbat \u00eentr-un mod substan\u021bial economia \u0219i structurile sociale ale societ\u0103\u021bii rom\u00e2ne\u0219ti<\/p>    <\/div>\n<\/div>\n<!-- \/module text -->        <\/div>\n                    <div  data-lazy=\"1\" class=\"module_column tb-column col3-1 tb_madu050\">\n                    <!-- module text -->\n<div  class=\"module module-text tb_ygqz909   \" data-lazy=\"1\">\n        <div  class=\"tb_text_wrap\">\n        <p style=\"text-align: justify;\"><span lang=\"RO\">\u0219i au dus la apari\u021bia unor noi tipuri de rela\u021bii industriale, diferite forme de organizare a muncii, noi regimuri locative, practici sociale centrate pe amplificarea competitivit\u0103\u021bii \u0219i a succesului personal \u0219i forme de consum cultural adaptat economiei de pia\u021b\u0103. \u00cen cadrul \u0219tiin\u021belor sociale din Rom\u00e2nia s-a acordat o aten\u021bie relativ restr\u00e2ns\u0103 analizei critice a transform\u0103rilor capitaliste \u0219i a consecin\u021belor pe care tranzi\u021bia c\u0103tre un nou tip de economie politic\u0103 \u0219i un nou mod de organizare societal\u0103 l-a avut asupra popula\u021biei Rom\u00e2niei.\u00a0<\/span><span lang=\"RO\" style=\"font-size: 1em;\">Scopul acestei conferin\u021be este s\u0103 interogheze dintr-o perspectiv\u0103 critic\u0103 transform\u0103rile capitaliste care au afectat societatea rom\u00e2neasc\u0103 \u00een ultimele trei decenii \u0219i s\u0103\u00a0<\/span><span style=\"font-size: 1em;\">analizeze traiectoria politic\u0103 \u0219i economic\u0103\u00a0<\/span><span style=\"font-size: 1em;\">specific\u0103 a Rom\u00e2niei \u00een contextul <\/span><span style=\"font-size: 1em;\">\u00a0<\/span><\/p>    <\/div>\n<\/div>\n<!-- \/module text -->        <\/div>\n                    <div  data-lazy=\"1\" class=\"module_column tb-column col3-1 tb_i1dq855 last\">\n                    <!-- module text -->\n<div  class=\"module module-text tb_dz6r999   \" data-lazy=\"1\">\n        <div  class=\"tb_text_wrap\">\n        <p style=\"text-align: justify;\"><span style=\"font-size: 1em;\">variet\u0103\u021bilor de<\/span><span style=\"font-size: 1em;\">\u00a0<\/span>capitalism implementate \u00een Europa Central\u0103 \u0219i de Est. Miza acestui eveniment este eviden\u021bierea temelor \u0219i pozi\u021bion\u0103rilor epistemologice care au structurat produc\u021bia de cunoa\u0219tere cu privire la tranzi\u021bia post-comunist\u0103 \u00een cadrul \u0219tiin\u021belor sociale din Rom\u00e2nia. Lucr\u0103rile \u0219tiin\u021bifice prezentate \u00een cadrul conferin\u021bei vizeaz\u0103 teme precum munca, locuirea, industria imobiliar\u0103, inegalit\u0103\u021bile sociale, migra\u021bia, criza climatic\u0103, c\u00e2mpul politic, produc\u021bia de film \u0219i cea literar\u0103, istoria capitalismului rom\u00e2nesc, filozofia \u0219i teoriile critice. Aceast\u0103 conferin\u021b\u0103 invit\u0103 participan\u021bii la o dezbatere despre\u00a0 cum ar trebui s\u0103 arate agenda de cercetare a \u0219tiin\u021belor sociale \u00een contextul dinamicilor\u00a0<span style=\"font-family: Calibri, sans-serif; caret-color: #000000; color: #000000; font-size: medium;\">capitaliste globale \u0219i a integr\u0103rii Rom\u00e2niei \u00een Pia\u021b\u0103 Unic\u0103 European\u0103.<\/span><\/p>\n<p style=\"margin: 0cm; font-size: medium; font-family: 'Times New Roman', serif; caret-color: #000000; color: #000000; text-align: justify;\">\u00a0<\/p>    <\/div>\n<\/div>\n<!-- \/module text -->        <\/div>\n                        <\/div>\n        <\/div>\n                        <div  data-lazy=\"1\" class=\"module_row themify_builder_row tb_sab66 tf_w\">\n                        <div class=\"row_inner col_align_top tb_col_count_1 tf_box tf_rel\">\n                        <div  data-lazy=\"1\" class=\"module_column tb-column col-full tb_nxfu6 first\">\n                    <!-- module text -->\n<div  class=\"module module-text tb_zbc6735   \" data-lazy=\"1\">\n        <div  class=\"tb_text_wrap\">\n        <table style=\"height: 2087px; width: 100%; border-collapse: collapse; border-color: #000000; border-style: solid;\">\n<tbody>\n<tr style=\"height: 132px;\">\n<td style=\"width: 1.3717421124828533%; height: 132px;\">\n<p style=\"text-align: center;\"><span style=\"color: #000000;\"><strong>\u00a0<\/strong><\/span><\/p>\n<\/td>\n<td style=\"height: 132px; width: 86.91654062619905%;\" colspan=\"3\">\n<p style=\"text-align: center;\"><span style=\"color: #000000;\"><strong>TRANSFORM\u0102RI CAPITALISTE \u00ceN ROM\u00c2NIA: DEZVOLTARE INEGAL\u0102 \u0218I DECALAJE SOCIALE<br><\/strong><strong>23 &#8211; 25 martie 2023<br><\/strong><strong>(online Zoom)<\/strong><\/span><\/p>\n<\/td>\n<\/tr>\n<tr style=\"height: 137px;\">\n<td style=\"width: 1.3717421124828533%; background-color: #f5cc2a; height: 115px; border-style: solid; border-color: #000000;\">\n<div style=\"text-align: center;\">\n<pre><span style=\"color: #000000;\"><strong>JOI<\/strong><\/span>\n<span style=\"color: #000000;\"><b><span lang=\"EN-GB\"><strong>23 MARTIE 2023<\/strong>\n<\/span><\/b><\/span><\/pre>\n<\/div>\n<\/td>\n<td style=\"height: 115px; background-color: #f5cc2a; width: 86.91654062619905%; border-style: solid; border-color: #000000;\" colspan=\"3\">\n<div style=\"text-align: center;\"><span style=\"color: #000000;\"><b><span lang=\"EN-GB\">ZIUA 1<\/span><\/b><\/span><\/div>\n<\/td>\n<\/tr>\n<tr style=\"height: 182px; background-color: #a6a1a1;\">\n<td style=\"width: 1.3717421124828533%; background-color: #aba6a6; height: 182px; border-style: solid; border-color: #000000; text-align: center;\">\n<pre><span style=\"color: #000000;\"><strong><span lang=\"EN-GB\">JOI\n<\/span><\/strong><strong><span lang=\"EN-GB\">12-14<\/span><\/strong><\/span><\/pre>\n<\/td>\n<td style=\"height: 182px; background-color: #aba6a6; width: 86.91654062619905%; border-style: solid; border-color: #000000; text-align: center;\" colspan=\"3\">\n<p style=\"text-align: center;\"><span style=\"color: #000000;\"><strong>PRELEGERE:<\/strong><\/span><\/p>\n<p style=\"text-align: center;\"><span style=\"color: #000000;\"><strong>Aurora Trif<\/strong> (Dublin City University)<\/span><br><strong><span style=\"color: #0000ff;\"><a style=\"color: #0000ff;\" href=\"https:\/\/www.transformari-capitaliste.ro\/index.php\/prelegeri\/#P1\">Lupta sindicatelor \u00eempotriva muncii precare: misiune imposibil\u0103 \u00een Rom\u00e2nia<\/a>?<\/span><\/strong><\/p>\n<p style=\"text-align: center;\"><span style=\"color: #000000;\"><em>Moderator<\/em>: <strong>Drago\u0219 Ad\u0103sc\u0103li\u021bei<\/strong> (Eurofond)<\/span><\/p>\n<\/td>\n<\/tr>\n<tr style=\"height: 132px;\">\n<td style=\"width: 1.3717421124828533%; height: 132px; text-align: center; border-color: #000000; border-style: solid;\">\n<pre><span style=\"color: #000000;\"><strong>JOI\n<\/strong><strong>14 \u2013 15<\/strong><\/span><\/pre>\n<\/td>\n<td style=\"height: 132px; width: 86.91654062619905%; border-color: #000000; border-style: solid;\" colspan=\"3\">\n<p style=\"text-align: center;\"><span style=\"color: #000000;\"><strong>LANSARE CARTE:<\/strong><\/span><br><span style=\"color: #000000;\">Bertolt Brecht \u2013 Trei piese antifasciste, Editura Tact, Cluj, 2023<br>Particip\u0103:\u00a0<strong>Veronica Laz\u0103r, David Schwartz, Lorin Ghima<\/strong>n<\/span><\/p>\n<\/td>\n<\/tr>\n<tr style=\"height: 68px;\">\n<td style=\"width: 1.3717421124828533%; border-color: #000000; border-style: solid; vertical-align: top; height: 604px; text-align: center;\">\n<pre><span style=\"color: #000000;\"><strong>JOI<\/strong><\/span>\n<span style=\"color: #000000;\"><strong>16 \u2013 18<\/strong><\/span><\/pre>\n<\/td>\n<td style=\"width: 28.642153773020887%; height: 604px; border-color: #000000; border-style: solid; text-align: left; vertical-align: top;\">\n<p><strong><span style=\"color: #000000;\"><a style=\"color: #000000;\" href=\"https:\/\/www.transformari-capitaliste.ro\/index.php\/prezentari\/#A\">Panel A: <span style=\"color: #0000ff;\">Reformele neo-liberale \u00een Rom\u00e2nia: disfunc\u021bionalit\u0103\u021bi economice \u0219i dezvoltare inegal\u0103<\/span><\/a><\/span><\/strong><\/p>\n<p><span style=\"color: #000000;\">A1. <a style=\"color: #000000;\" href=\"https:\/\/www.transformari-capitaliste.ro\/index.php\/prezentari\/#A\">Reforma pensiilor publice &#8211; o component\u0103 major\u0103 a ultimului pachet neoliberal<\/a><\/span><br><span style=\"color: #000000;\"><strong>Andrei Mocearov<\/strong> (Academia de Studii Economice din Bucure\u0219ti)<\/span><\/p>\n<p><span style=\"color: #000000;\">A2. Geografii deraiate? Asupra conceptului de dezvoltare inegal\u0103: o abordare spa\u021bial\u0103 a percep\u021biei rom\u00e2nilor<\/span><br><span style=\"color: #000000;\"><strong>Aurelian Giug\u0103l<\/strong> (Centrul Interdisciplinar de Cercet\u0103ri Avansate asupra Dinamicii Teritoriale, Facultatea de Jurnalism \u015fi \u015etiin\u0163ele Comunic\u0103rii, Universitatea din Bucure\u0219ti)<\/span><br><span style=\"color: #000000;\"><strong>George Sec\u0103reanu<\/strong> (Universitatea \u201eOvidius\u201d din Constan\u021ba,\u00a0Centrul Interdisciplinar de Cercet\u0103ri Avansate asupra Dinamicii Teritoriale)<\/span><\/p>\n<p><span style=\"color: #000000;\">A3. Dezindustrializare prin privatizare: o analiz\u0103 a dinamicilor economice din cadrul industriei chimice din Rom\u00e2nia<\/span><br><span style=\"color: #000000;\"><strong>Zolt\u00e1n Mih\u00e1ly<\/strong> (Universitatea Babe\u0219-Bolyai)<\/span><\/p>\n<p><span style=\"color: #000000;\">A4. Ora\u0219ul rom\u00e2nesc post-socialist \u0219i procesul de restructurare urban\u0103. O perspectiv\u0103 geografic\u0103 asupra procesului de dezindustrializare din Rom\u00e2nia<\/span><br><span style=\"color: #000000;\"><strong>Ioan Sebastian Jucu<\/strong> (Universitatea de Vest din Timi\u0219oara)<\/span><\/p>\n<p><span style=\"color: #000000;\"><em>Moderatoare<\/em>: <strong>Lara Merling <\/strong>(Boston University Global Development Policy Center)<\/span><\/p>\n<\/td>\n<td style=\"width: 29.024361604524554%; height: 604px; border-color: #000000; border-style: solid; text-align: left; vertical-align: top;\">\n<p><a href=\"https:\/\/www.transformari-capitaliste.ro\/index.php\/prezentari\/#B\"><strong><span style=\"color: #000000;\">Panel B: <span style=\"color: #0000ff;\">Ecologii politice \u0219i lan\u021buri de produc\u021bie alimentar\u0103<\/span><\/span><\/strong><\/a><\/p>\n<p><span style=\"color: #000000;\">B1. Res\u0103lb\u0103ticire spontan\u0103 in ruinele post-agrare ale insulelor dun\u0103rene<\/span><br><span style=\"color: #000000;\"><strong>\u0218tefan Dorondel<\/strong> (Institutul de Antropologie \u201cFrancisc I. Rainer\u201d, Academia Rom\u00e2n\u0103)<\/span><\/p>\n<p><span style=\"color: #000000;\">B2. Suveranitate alimentar\u0103 \u00een Rom\u00e2nia: \u00eentre populism \u0219i progresism<\/span><br><span style=\"color: #000000;\"><strong>Irina Velicu<\/strong> <span style=\"font-size: revert; font-family: inherit;\">(Centrul de Studii Sociale, Universitatea din Coimbra)<br><\/span><strong>Hestia Deliba\u0219<\/strong>\u00a0(Centrul de Studii Sociale, Universitatea din Coimbra)<\/span><\/p>\n<p><span style=\"color: #000000;\">B3. Privatizarea naturii s\u0103lbatice \u0219i rolul capitalului transna\u021bional \u00een construirea Carpa\u021biilor ca periferie verde a Europei<\/span><br><span style=\"color: #000000;\"><strong>George Iord\u0103chescu<\/strong><span style=\"font-size: revert; font-family: inherit;\"> (Departamentul de \u0218tiin\u021be Politice \u0219i Rela\u021bii Interna\u021bionale, Universitatea din Sheffield, Marea Britanie)<\/span><\/span><\/p>\n<p><span style=\"color: #000000;\">B4. Ro\u0219ii Verzi \u00een spa\u021biul rom\u00e2nesc: condi\u021bii pentru a ie\u0219i din dulap printr-o nou\u0103 eco-nomie politic\u0103.<\/span><br><span style=\"color: #000000;\"><strong>Adi Dohotaru<\/strong> (Pre\u0219edinte Societatea Organizat\u0103 Sustenabil SOS)<\/span><\/p>\n<p><span style=\"color: #000000;\"><em>Moderator<\/em>: <strong>Camil P\u00e2rvu<\/strong> (Facultatea de \u0218tiin\u021be Politice, Universitatea din Bucure\u0219ti)<\/span><\/p>\n<\/td>\n<td style=\"width: 29.25002524865361%; height: 604px; border-color: #000000; border-style: solid; text-align: left; vertical-align: top;\">\n<p><a href=\"https:\/\/www.transformari-capitaliste.ro\/index.php\/prezentari\/#C\"><strong><span style=\"color: #000000;\">Panel C: <span style=\"color: #0000ff;\">Critici filosofice ale capitalismului: limite \u0219i posibilit\u0103\u021bi<\/span><\/span><\/strong><\/a><\/p>\n<p><span style=\"color: #000000;\"><span style=\"font-size: revert; font-family: inherit;\">C1. Colonizare \u0219i decolonizare a cunoa\u0219terii \u00een istoria intelectual\u0103 recent\u0103<br><\/span><strong>Veronica Laz\u0103r<\/strong> (Universitatea din Bucure\u0219ti)<\/span><\/p>\n<p><span style=\"color: #000000;\">C2. \u201eObiecte imposibile\u201d a teoriei dreptului: studiile juridice critice \u00een semi-periferia european\u0103<\/span><br><span style=\"color: #000000;\"><strong>Cosmin Cercel<\/strong> (Assistant Professor Lazarski University in Warsaw\/ Cercet\u0103tor postdoctoral New Europe College)<\/span><\/p>\n<p><span style=\"color: #000000;\">C3. Despre filozofie ca parazit<\/span><br><span style=\"color: #000000;\"><strong>Alexandru Sava<\/strong> (Centrul Pentru Studii De Dezvoltare \u015ei Cooperare Interna\u0163ional\u0103 (IDC), Universitatea Bucure\u0219ti)<\/span><\/p>\n<p><span style=\"color: #000000;\">C4. C\u00e2nd realitatea devine teorie. Note despre filosofia de ocazie a lui G. Anders<\/span><br><span style=\"color: #000000;\"><strong>Lorin Ghiman<\/strong> (Lector dr., Universitatea de Art\u0103 \u0219i Design Cluj)<\/span><\/p>\n<p><span style=\"color: #000000;\"><em>Moderator<\/em>: <strong>Ciprian Bogdan<\/strong> (Facultatea de Studii Europene, Universitatea Babe\u0219-Bolyai)<\/span><\/p>\n<\/td>\n<\/tr>\n<tr style=\"height: 68px;\">\n<td style=\"width: 1.3717421124828533%; height: 68px; text-align: left; border-style: solid; border-color: #000000; vertical-align: top;\">\n<pre style=\"text-align: center;\"><span style=\"color: #000000;\"><strong>JOI<\/strong><\/span>\n<span style=\"color: #000000;\"><strong>18 \u2013 20<\/strong><\/span><\/pre>\n<\/td>\n<td style=\"width: 28.642153773020887%; height: 68px; border-style: solid; border-color: #000000; text-align: left; vertical-align: top;\">\n<p><a href=\"https:\/\/www.transformari-capitaliste.ro\/index.php\/prezentari\/#D\"><strong><span style=\"color: #000000;\">Panel D: <span style=\"color: #0000ff;\">Sistemul educa\u021bional rom\u00e2nesc: inegalit\u0103\u021bi structurale \u0219i mecanisme de finan\u021bare<\/span><\/span><\/strong><\/a><\/p>\n<p><span style=\"color: #000000;\">D1. (In)echitatea educa\u021bional\u0103 \u00een sistemul de \u00eenv\u0103\u021b\u0103m\u00e2nt rom\u00e2nesc<\/span><br><span style=\"color: #000000;\"><strong>Sebastian \u021aoc<\/strong> (\u0218coala Na\u021bional\u0103 de Studii Politice \u0219i Administrative \u0219i Institutul de Cercetare a Calit\u0103\u021bii Vie\u021bii, Academia Rom\u00e2n\u0103)<\/span><br><span style=\"color: #000000;\"><strong>Andreea Gheba<\/strong> (\u0218coala Na\u021bional\u0103 de Studii Politice \u0219i Administrative)<\/span><\/p>\n<p><span style=\"color: #000000;\">D2. Guvernan\u021ba prin bilan\u021b financiar \u0219i contradic\u021biile autonomiei universitare \u00een Rom\u00e2nia<\/span><br><span style=\"color: #000000;\"><strong>Irina Culic<\/strong> (Facultatea de Sociologie \u0219i Asisten\u021b\u0103 social\u0103, Universitatea Babe\u0219-Bolyai)<\/span><\/p>\n<p><span style=\"color: #000000;\">D3. Reforma educa\u021biei din anii &#8217;90 \u00een Rom\u00e2nia: tendin\u021be ideologice \u0219i guvernare \u00een urma restructur\u0103rii propuse de Banca Mondial\u0103<\/span><br><span style=\"color: #000000;\"><strong>Dana Solonean<\/strong> (Facultatea de Sociologie \u0219i Asisten\u021b\u0103 social\u0103, Universitatea Babe\u0219-Bolyai)<\/span><\/p>\n<p><span style=\"color: #000000;\">D4. Diferen\u021be: experien\u021be personale \u0219i dinamici intracomunitare &#8211; Un volum colectiv despre \u0219coal\u0103 \u0219i familie \u00eentr-o comunitate defavorizat\u0103<\/span><br><span style=\"color: #000000;\"><strong>Mihai Vasile<\/strong> (Asocia\u021bia Politeia\u00a0\u0219i Universitatea Babe\u0219-Bolyai)<\/span><br><span style=\"color: #000000;\"><strong>M\u0103d\u0103lina Musc\u0103<\/strong> (Asocia\u021bia Politeia)<\/span><\/p>\n<p><span style=\"color: #000000;\"><em>Moderator<\/em>: <strong>Gabriel B\u0103descu<\/strong> (Facultatea de \u0218tiin\u021be Politice, Administrative \u0219i ale Comunic\u0103rii,\u00a0<\/span><span style=\"color: black; font-family: Calibri, sans-serif; font-size: 12pt;\">Universitatea Babe\u0219-Bolyai)<\/span><\/p>\n<\/td>\n<td style=\"width: 29.024361604524554%; height: 68px; border-style: solid; border-color: #000000; text-align: left; vertical-align: top;\">\n<p><a href=\"https:\/\/www.transformari-capitaliste.ro\/index.php\/prezentari\/#E\"><strong><span style=\"color: #000000;\">Panel E: <span style=\"color: #0000ff;\">Pentru o nou\u0103 agend\u0103 de cercetare a socialismului rom\u00e2nesc: istorii sociale, metodologii \u0219i blocaje ideologice<\/span><\/span><\/strong><\/a><\/p>\n<p><span style=\"color: #000000;\">E1. [carte] Laboring Along: Industrial Workers and the Making of Postwar Romania<\/span><br><span style=\"color: #000000;\"><strong>Adrian Grama<\/strong> (Leibniz-Institut f\u00fcr Ost- und S\u00fcdosteuropaforschung, IOS)<\/span><\/p>\n<p><span style=\"color: #000000;\">E2. [carte] Ferestre spre furnalul ro\u0219u: urbanism \u0219i cotidian \u00een Hunedoara \u0219i C\u0103lan<\/span><br><span style=\"color: #000000;\"><strong>Mara M\u0103rginean<\/strong> (Institutul de Istorie \u201eGeorge Bari\u021biu\u201d din. Cluj-Napoca al Academiei Rom\u00e2ne)<\/span><\/p>\n<p><span style=\"color: #000000;\">E3. [carte] Zona urban\u0103. O economie politic\u0103 a socialismului rom\u00e2nesc<\/span><br><span style=\"color: #000000;\"><strong>Norbert Petrovici<\/strong> (Facultatea de Sociologie \u0219i Asisten\u021b\u0103 social\u0103, Universitatea Babe\u0219-Bolyai)<\/span><\/p>\n<p><span style=\"color: #000000;\"><em>Moderatoare<\/em>: <strong>Adela H\u00eencu<\/strong> (Institutul de Filozofie \u2018Alexandru Dragomir\u2019)<\/span><\/p>\n<\/td>\n<td style=\"width: 29.25002524865361%; height: 68px; border-style: solid; border-color: #000000; text-align: left; vertical-align: top;\">\n<p><strong><span style=\"color: #000000;\">Panel F: <span style=\"color: #0000ff;\">Rute \u0219i scenarii ale migra\u021biei economice \u00een literatura \u0219i filmul din postcomunism<\/span><\/span><\/strong><\/p>\n<p><span style=\"color: #000000;\">F1. Literatura migra\u021biei\u2014o tragicomedie?<\/span><br><span style=\"color: #000000;\"><strong>Anca P\u00e2rvulescu<\/strong> (Washington University in St. Louis)<\/span><\/p>\n<p><span style=\"color: #000000;\">F2. Heterotopia capitalist\u0103 &amp; utopia social\u0103 pierdut\u0103: clas\u0103, munc\u0103, migra\u021bie \u00een literatura rom\u00e2n\u0103 postcomunist\u0103<\/span><br><span style=\"color: #000000;\"><strong>\u0218tefan Baghiu<\/strong> (Facultatea de Litere \u0219i Arte, Universitatea \u201cLucian Blaga\u201d Sibiu)<\/span><br><span style=\"color: #000000;\"><strong>Ovio Olaru<\/strong> (Facultatea de Litere \u0219i Arte, Universitatea \u201cLucian Blaga\u201d Sibiu)<\/span><\/p>\n<p><span style=\"color: #000000;\">F3. Comedia capitalismului: emigra\u021bia \u00een romanele \u0219i filmele rom\u00e2ne\u0219ti nou\u0103zeciste<\/span><br><span style=\"color: #000000;\"><strong>Cosmin Borza<\/strong> (Facultatea de Litere, Universitatea Babe\u0219-Bolyai)<\/span><br><span style=\"color: #000000;\"><strong>Claudiu Turcu\u0219<\/strong> (Facultatea de Litere, Universitatea Babe\u0219-Bolyai)<\/span><\/p>\n<p><span style=\"color: #000000;\">F4. Munca precar\u0103 a emigrantelor: subreprezentare \u0219i suprainterpretare \u00een literatura rom\u00e2n\u0103 postcomunist\u0103<\/span><br><span style=\"color: #000000;\"><strong>Adriana Stan<\/strong> (Facultatea de Litere, Universitatea Babe\u0219-Bolyai)<\/span><br><span style=\"color: #000000;\"><strong>Snejana Ung<\/strong> (Facultatea de Litere, Universitatea Babe\u0219-Bolyai)<\/span><\/p>\n<p><span style=\"color: #000000;\"><em>Moderator<\/em>: <strong>Alex Goldi\u0219<\/strong> (Facultatea de Litere, Universitatea Babe\u0219-Bolyai)<\/span><\/p>\n<\/td>\n<\/tr>\n<tr style=\"height: 23px;\">\n<td style=\"width: 1.3717421124828533%; height: 23px; text-align: center; background-color: #f5cc2a; border-style: solid; border-color: #000000;\">\n<pre><span style=\"color: #000000;\"><strong>VINERI<\/strong><\/span>\n<span style=\"color: #000000;\"><strong>24 MARTIE 2023<\/strong><\/span><\/pre>\n<\/td>\n<td style=\"width: 86.91654062619905%; height: 23px; background-color: #f5cc2a; border-style: solid; border-color: #000000; text-align: center;\" colspan=\"3\">\n<div><span style=\"color: #000000;\"><strong><span lang=\"EN-GB\">ZIUA 2<\/span><\/strong><\/span><\/div>\n<\/td>\n<\/tr>\n<tr style=\"height: 23px; background-color: #a6a1a1;\">\n<td style=\"width: 1.3717421124828533%; height: 23px; text-align: center; border-style: solid; border-color: #000000;\">\n<pre><span style=\"color: #000000;\"><strong><span lang=\"EN-GB\">VINERI\n12-14 <\/span><\/strong><\/span><\/pre>\n<\/td>\n<td style=\"width: 86.91654062619905%; height: 23px; border-style: solid; border-color: #000000;\" colspan=\"3\">\n<p style=\"text-align: center;\"><strong><span style=\"color: #000000;\">PRELEGERE:<\/span><\/strong><\/p>\n<p style=\"text-align: center;\"><span style=\"color: #000000;\"><strong>Cornel Ban<\/strong> (Copenhagen Business School)<\/span><br><strong><a href=\"https:\/\/www.transformari-capitaliste.ro\/index.php\/prelegeri\/#P2\"><span style=\"color: #0000ff;\">Dependen\u021ba tensionat\u0103 a modelului rom\u00e2nesc de cre\u0219tere economic\u0103: disfunc\u021bionalit\u0103\u021bi sociale \u0219i vulnerabilitate climatic\u0103<\/span><\/a><\/strong><\/p>\n<p style=\"text-align: center;\"><span style=\"color: #000000;\"><em>Moderatoare:<\/em> <strong>Veronica Laz\u0103r<\/strong> (Universitatea Bucure\u0219ti)<\/span><\/p>\n<\/td>\n<\/tr>\n<tr style=\"height: 23px;\">\n<td style=\"width: 1.3717421124828533%; height: 23px; border-style: solid; border-color: #000000; vertical-align: top;\">\n<pre style=\"text-align: center;\"><span style=\"color: #000000;\"><strong><span lang=\"EN-GB\">VINERI\n14-16<\/span><\/strong><\/span><\/pre>\n<\/td>\n<td style=\"width: 28.642153773020887%; height: 23px; text-align: left; vertical-align: top; border-style: solid; border-color: #000000;\">\n<p><a href=\"https:\/\/www.transformari-capitaliste.ro\/index.php\/prezentari\/#G\"><strong><span style=\"color: #000000;\">Panel G: <span style=\"color: #0000ff;\">Teorii critice \u0219i interogarea economiei politice a capitalismului contemporan<\/span><\/span><\/strong><\/a><\/p>\n<p><span style=\"color: #000000;\">G1. Arhitectonici contemporane ale criticii. O perspectiv\u0103 comparativist\u0103 asupra variantelor de economie politic\u0103 critic\u0103<\/span><br><span style=\"color: #000000;\"><strong>Dana Dom\u0219odi<\/strong> (Facultatea de Sociologie \u0219i Asisten\u021b\u0103 social\u0103, Universitatea Babe\u0219-Bolyai)<\/span><\/p>\n<p><span style=\"color: #000000;\">G2. C\u0103tre realism \u00een teoria critic\u0103 \u2013 din Europa de Est \u015fi Central\u0103<\/span><br><span style=\"color: #000000;\"><strong>Ovidiu \u021aichindeleanu<\/strong> (Editura Idea)<\/span><\/p>\n<p><span style=\"color: #000000;\">G3. Necropolitic\u0103 \u0219i munc\u0103 \u00een Rom\u00e2nia neoliberal\u0103<\/span><br><span style=\"color: #000000;\"><strong>Diana Bulzan<\/strong> (Universitatea de Art\u0103 \u0219i Design, Linz, Austria)<\/span><\/p>\n<p><span style=\"color: #000000;\">G4. Decizia \u00eempotriva Capitalului. Critica postfilosofic\u0103 a modului de produc\u021bie \u0219i a binefacerilor sale<\/span><br><span style=\"color: #000000;\"><strong>Alexandru Polg\u00e1r<\/strong> (Facultatea de \u0218tiin\u021be Politice, Administrative \u0219i ale Comunic\u0103rii)<\/span><\/p>\n<p><span style=\"color: #000000;\"><em style=\"font-family: inherit; font-size: inherit;\">Moderator<\/em><span style=\"font-family: inherit; font-size: inherit;\">: <\/span><strong>Bogdan Ghiu<\/strong><\/span><\/p>\n<\/td>\n<td style=\"width: 29.024361604524554%; height: 23px; text-align: left; vertical-align: top; border-style: solid; border-color: #000000;\">\n<p><strong><span style=\"color: #000000;\"><a href=\"https:\/\/www.transformari-capitaliste.ro\/index.php\/prezentari\/#H\">Panel H:\u00a0 <span style=\"color: #0000ff;\">Baloldali kritikai \u00e9s politikai \u00f6nszervez\u0151d\u00e9s rom\u00e1niai magyar kontextusban<\/span><\/a> \/ Critic\u0103 \u0219i politic\u0103 de st\u00e2nga \u00een contextul maghiar din Rom\u00e2nia (panel \u00een limba maghiar\u0103 cu traducere simultan\u0103 \u00een limba rom\u00e2n\u0103)<\/span><\/strong><\/p>\n<p><span style=\"color: #000000;\">H1. Megjegyz\u00e9sek a rom\u00e1niai magyarok oszt\u00e1lyviszonyainak k\u00e9rd\u00e9s\u00e9hez \/ Note despre rela\u021biile de clas\u0103 ale maghiarilor din Rom\u00e2nia<\/span><br><span style=\"color: #000000;\"><strong>Borb\u00e9ly Andr\u00e1s<\/strong> (essz\u00e9ista, k\u00f6lt\u0151, munkan\u00e9lk\u00fcli\/ eseist, poet, \u0219omer)<\/span><\/p>\n<p><span style=\"color: #000000;\">H2. Neo)liberalizmus \u00e9s etnicizmus a rom\u00e1niai magyar t\u00e1rsadalomban \/ (Neo)liberalism \u0219i etnicism \u00een societatea maghiar\u0103 din Rom\u00e2nia<\/span><br><span style=\"color: #000000;\"><strong>Szigeti Attila<\/strong> (Magyar Filoz\u00f3fiai Int\u00e9zet, BBTE\/ Departamentul de Filosofie \u00een limba maghiar\u0103, Universitatea Babe\u0219-Bolyai)<\/span><\/p>\n<p><span style=\"color: #000000;\">H3. Hagyom\u00e1nyt\u00f6r\u00e9sek \u00e9s immunis nyilv\u00e1noss\u00e1gok: egy \u00faj erd\u00e9lyi magyar baloldal \/ O nou\u0103 st\u00e2ng\u0103 maghiar\u0103 \u00eentre rupturi de tradi\u0163ie \u015fi imunitatea spa\u0163iilor publice<\/span><br><span style=\"color: #000000;\"><strong>Sz\u00e9kely \u00d6rs<\/strong> (szerkeszt\u0151, \u00faj szem foly\u00f3irat\/ redactor, revista \u201e\u00faj szem\u201d)<\/span><\/p>\n<p><span style=\"color: #000000;\">H4. K\u00e9t nyelv k\u00f6z\u00f6tt \u00e9s sehol sem otthon: A k\u00e9tnyelv\u0171 egy\u00fctt\u00e9l\u00e9s neh\u00e9zs\u00e9gei \u00e9s lehet\u0151s\u00e9gei \u00e9s radik\u00e1lis baloldali feminista szervez\u0151d\u00e9s Rom\u00e1ni\u00e1ban \/ Prins\u0103 \u00eentre dou\u0103 limbi \u0219i nic\u0103ieri acas\u0103: Dificult\u0103\u021bile \u0219i posibilit\u0103\u021bile de convie\u021buire bilingv\u0103 \u0219i organizare feminist\u0103 de st\u00e2nga radical\u0103 \u00een Rom\u00e2nia<\/span><br><span style=\"color: #000000;\"><strong>Ugron N\u00f3ra<\/strong> (Turkui Egyetem, T\u00e1rsadalmi Nemek Tanulm\u00e1nya (Gender Studies) Tansz\u00e9k\/ Universitatea din Turku, Departamentul de Studii de Gen)<\/span><\/p>\n<p><span style=\"color: #000000;\"><em>Moderatoare<\/em>: <strong>Marin Dia<\/strong> (Departamentul de Filosofie \u00een lb. maghiar\u0103, Universitatea Babe\u0219-Bolyai)<\/span><\/p>\n<p><span style=\"color: #000000;\"><em>Traduc\u0103tor<\/em>: <strong>Gal Jozsef<\/strong><\/span><\/p>\n<\/td>\n<td style=\"width: 29.25002524865361%; height: 23px; text-align: left; vertical-align: top; border-style: solid; border-color: #000000;\">\n<p><a href=\"https:\/\/www.transformari-capitaliste.ro\/index.php\/prezentari\/#I\"><strong><span style=\"color: #000000;\">Panel I: <span style=\"color: #0000ff;\">Munc\u0103 precar\u0103 \u0219i migra\u021bie trans-na\u021bional\u0103<\/span><\/span><\/strong><\/a><\/p>\n<p><span style=\"color: #000000;\">I1. Bog\u0103\u021bie privat\u0103 \u0219i s\u0103r\u0103cie public\u0103: limitele aportului migra\u021biei transna\u021bionale pentru dezvoltarea local\u0103 \u00een Maramure\u0219<\/span><br><span style=\"color: #000000;\"><strong>Gabriel Troc<\/strong> (Facultatea de Sociologie \u0219i Asisten\u021b\u0103 social\u0103, Universitatea Babe\u0219-Bolyai)<\/span><\/p>\n<p><span style=\"color: #000000;\">I2. \u2018Welfare brokers\u2019 \u0219i accesul cet\u0103\u021benilor mobili la protec\u021bie social\u0103 \u00een interiorul UE<\/span><br><span style=\"color: #000000;\"><strong>Alexandra Voivozeanu<\/strong> (Associate Researcher, CEDEM, University of Li\u00e8ge)<\/span><\/p>\n<p><span style=\"color: #000000;\">I3. Condi\u021bii structurale ale migr\u0103rii: munca precar\u0103 \u00een fabricile din noul val al re-industrializ\u0103rii \u00een Baia Mare<\/span><br><span style=\"color: #000000;\"><strong>Neda Deneva<\/strong> (Cercet\u0103tor post-doctoral,\u00a0<\/span><span lang=\"RO\" style=\"font-size: 12pt; font-family: Calibri, sans-serif; color: black;\">Universitatea Babe\u0219-Bolyai)<\/span><span style=\"color: #000000;\">)<\/span><\/p>\n<p><span style=\"color: #000000;\">I4. Disciplin\u0103 \u0219i invidie: munca romilor, migra\u021bia sezonier\u0103 \u0219i efectele lor \u00een comunit\u0103\u021bile rurale din Rom\u00e2nia<\/span><br><span style=\"color: #000000;\"><strong>Valer Simion Cosma<\/strong> (Universitatea \u201eLucian Blaga\u201d din Sibiu)<\/span><\/p>\n<p><span style=\"color: #000000;\"><em>Moderatoare<\/em>: <strong>Olga Cojocaru<\/strong> (Centre of Migration Research, Varsovia)<\/span><\/p>\n<\/td>\n<\/tr>\n<tr style=\"height: 23px;\">\n<td style=\"width: 1.3717421124828533%; height: 23px; border-color: #000000; border-style: solid; vertical-align: top;\">\n<pre style=\"text-align: center;\"><span style=\"color: #000000;\"><strong><span lang=\"EN-GB\">VINERI\n<\/span>16-18<\/strong><\/span><\/pre>\n<\/td>\n<td style=\"width: 28.642153773020887%; height: 23px; text-align: left; vertical-align: top; border-color: #000000; border-style: solid;\">\n<p><a href=\"https:\/\/www.transformari-capitaliste.ro\/index.php\/prezentari\/#J\"><strong><span style=\"color: #000000;\">Panel J: <span style=\"color: #0000ff;\">Cunoa\u0219teri situate: abord\u0103ri feministe socialiste \u00een contextul rom\u00e2nesc actual<\/span><\/span><\/strong><\/a><\/p>\n<p><span style=\"color: #000000;\">\u00a0J1. Feministe \u00eenc\u0103 de la gr\u0103dini\u021b\u0103! Exers\u00e2nd o pedagogie eliberatoare<\/span><br><span style=\"color: #000000;\"><strong>Mihaela Michailov<\/strong> (Conf. Univ. Dr., UNATC I.L.Caragiale, Bucure\u0219ti)<\/span><\/p>\n<p><span style=\"color: #000000;\">\u00a0J2. Cercetarea feminist\u0103 \u00eentre problematica ideologic\u0103 \u0219i cea teoretic\u0103. Despre mizele produc\u021biei alternative de cunoa\u0219tere<\/span><br><span style=\"color: #000000;\"><strong>Iulia Militaru<\/strong> (Dr., Facultatea de Litere, UB)<\/span><\/p>\n<p><span style=\"color: #000000;\">J3. Accesul la avort \u00een Rom\u00e2nia, sub presiunea politicilor neoliberale \u0219i atacurilor conservatoare<\/span><br><span style=\"color: #000000;\"><strong>Tudorina Mihai<\/strong> (Dr., S.N.S.P.A., Bucure\u0219ti, activist\u0103 \u0219i cercet\u0103toare)<\/span><\/p>\n<p><span style=\"color: #000000;\">J4. Deprivatizarea muncii reproductive la intersec\u021bia \u00eentre teorie \u0219i praxis. Sau cum facem s\u0103 desfiin\u021b\u0103m familia<\/span><br><span style=\"color: #000000;\"><strong>Oana Uiorean<\/strong> (Scriitoare \u0219i traduc\u0103toare)<\/span><\/p>\n<p><span style=\"color: #000000;\">J5. O abordare feminist\u0103 socialist\u0103 a muncii: reconsiderarea rela\u021biei femeilor cu p\u0103m\u00e2ntul \u00een societ\u0103\u021bile agrare<\/span><br><span style=\"color: #000000;\"><strong>Anca Bucur<\/strong> (Artist\u0103 vizual\u0103 \u0219i scriitoare)<\/span><\/p>\n<p><span style=\"color: #000000;\"><em>Moderatoare:<\/em> <strong>Laura Sandu<\/strong> (Drd., C.E.S.I., UB)<\/span><\/p>\n<\/td>\n<td style=\"width: 29.024361604524554%; height: 23px; text-align: left; vertical-align: top; border-color: #000000; border-style: solid;\">\n<p><a href=\"https:\/\/www.transformari-capitaliste.ro\/index.php\/prezentari\/#K\"><strong><span style=\"color: #000000;\">Panel K: <span style=\"color: #0000ff;\">Pozi\u021bion\u0103ri \u00een c\u00e2mpul politic rom\u00e2nesc fa\u021b\u0103 de transform\u0103rile capitaliste de dup\u0103 1989<\/span><\/span><\/strong><\/a><\/p>\n<p><span style=\"color: #000000;\">K1. Improbabila st\u00e2ng\u0103: social-democra\u021bia \u00een Rom\u00e2nia dup\u0103 1989<\/span><br><span style=\"color: #000000;\"><strong>Ruxandra Ivan<\/strong> (Facultatea de \u015etiin\u0163e Politice, Universitatea din Bucure\u015fti)<\/span><\/p>\n<p><span style=\"color: #000000;\">\u00a0K2. Un electorat \u00een c\u0103utarea unui partid: St\u00e2nga rom\u00e2neasc\u0103 de azi (\u0219i de m\u00e2ine)<\/span><br><span style=\"color: #000000;\"><strong>Vladimir Bor\u021bun<\/strong> (Departamentul de Politici \u0219i Interven\u021bie Sociale, Universitatea Oxford)<\/span><\/p>\n<p><span style=\"color: #000000;\">\u00a0K3. \u00centre valori pro \u0219i anti-capitaliste: divide na\u021bionalismul economic aleg\u0103torii Alian\u021bei pentru Unitatea Rom\u00e2nilor?<\/span><br><span style=\"color: #000000;\"><strong>Sergiu Mi\u0219coiu<\/strong> (Facultatea de Studii Europene, Universitatea Babe\u0219-Bolyai)<\/span><\/p>\n<p><span style=\"color: #000000;\">\u00a0K4. Construc\u021bia Noii St\u00e2ngi Central si Est-europene. R\u0103spunsuri politice la neoliberalismul periferic<\/span><br><span style=\"color: #000000;\"><strong>Claudiu Cr\u0103ciun<\/strong> (Facultatea de \u015etiin\u0163e Politice, \u015ecoala Na\u0163ional\u0103 de Studii Politice \u015fi Administrative)<\/span><\/p>\n<p><span style=\"color: #000000;\"><em>Moderatoare<\/em>: <strong>Diana M\u0103rg\u0103rit<\/strong> (Facultatea de Filosofie \u015fi \u0218tiin\u0163e Social-Politice, Universitatea Alexandru Ioan Cuza)<\/span><\/p>\n<\/td>\n<td style=\"width: 29.25002524865361%; text-align: left; vertical-align: top; height: 23px; border-color: #000000; border-style: solid;\" width=\"450\">\n<p><a href=\"https:\/\/www.transformari-capitaliste.ro\/index.php\/prezentari\/#L\"><strong><span style=\"color: #000000;\">Panel L: <span style=\"color: #0000ff;\">Filmul rom\u00e2nesc \u0219i reprezentarea transform\u0103rilor sociale capitaliste<\/span><\/span><\/strong><\/a><\/p>\n<p><span style=\"color: #000000;\">L1. Noi regimuri emo\u021bionale \u00een noul cinema rom\u00e2nesc: Rela\u021biile toxice \u0219i disfunc\u021bionalitatea \u00een conflictele inter-genera\u021bionale<\/span><br><span style=\"color: #000000;\"><strong>Lucian \u021aion<\/strong> (Facultatea de Teatru si Film, Universitatea Babe\u0219-Bolyai)<\/span><\/p>\n<p><span style=\"color: #000000;\">L2. Mitologia social\u0103 a serialului rom\u00e2nesc post-socialist: La Bloc, B\u0103ie\u021bi buni, Las Fierbin\u021bi, Ruxx<\/span><br><span style=\"color: #000000;\"><strong>Alexandru Matei<\/strong> (Facultatea de Litere, Universitatea Transilvania din Bra\u0219ov)<\/span><\/p>\n<p><span style=\"color: #000000;\">L3. Reprezent\u0103ri ale minorit\u0103\u021bilor etnice \u00een filmul de fic\u021biune postdecembrist<\/span><br><span style=\"color: #000000;\"><strong>Daniel Iftene<\/strong> (Facultatea de Teatru si Film, Universitatea Babe\u0219-Bolyai)<\/span><\/p>\n<p><span style=\"color: #000000;\">L4. Clas\u0103 \u0219i decalaje sociale \u00een filmul popular: Teambuilding \u0219i Taximetri\u0219tii<\/span><br><span style=\"color: #000000;\"><strong>Bogdan Popa<\/strong> (Universitatea Transilvania din Bra\u0219ov)<\/span><\/p>\n<p><span style=\"color: #000000;\"><em>Moderator<\/em>: <strong>Claudiu Turcu\u0219<\/strong> (Facultatea de Teatru si Film, Universitatea Babe\u0219-Bolyai)<\/span><\/p>\n<\/td>\n<\/tr>\n<tr style=\"height: 23px; border-color: #050505; background-color: #a6a1a1;\">\n<td style=\"width: 1.3717421124828533%; height: 23px; border-style: solid; border-color: #000000;\">\n<pre style=\"text-align: center;\"><span style=\"color: #000000;\"><strong><span lang=\"EN-GB\">VINERI\n<\/span>18-20<\/strong><\/span><\/pre>\n<\/td>\n<td style=\"width: 86.91654062619905%; height: 23px; border-style: solid; border-color: #000000;\" colspan=\"3\">\n<p style=\"text-align: center;\"><strong><span style=\"color: #000000;\">PRELEGERE:<\/span><\/strong><\/p>\n<p style=\"text-align: center;\"><span style=\"color: #000000;\"><strong>Enik\u0151 Vincze<\/strong> (Universitatea Babe\u0219-Bolyai)<\/span><br><strong><span style=\"color: #000000;\"><a href=\"https:\/\/www.transformari-capitaliste.ro\/index.php\/prelegeri\/#P3\"><span style=\"color: #0000ff;\">Dezvoltarea inegal\u0103 \u00een Rom\u00e2nia: condi\u021bie \u0219i produs al acumul\u0103rii de capital<\/span><\/a>\u00a0<\/span><\/strong><\/p>\n<p style=\"text-align: center;\"><span style=\"color: #000000;\"><em>Moderatoare<\/em>: <strong>Irina Culic<\/strong> (Universitatea Babe\u0219-Bolyai)<\/span><\/p>\n<\/td>\n<\/tr>\n<tr style=\"height: 23px; background-color: #f5cc2a;\">\n<td style=\"width: 1.3717421124828533%; height: 23px; border-style: solid; border-color: #000000;\">\n<pre><span style=\"color: #000000;\"><strong>S\u00c2MB\u0102T\u0102,\u00a025 MARTIE, 2023<\/strong><\/span><\/pre>\n<\/td>\n<td style=\"width: 86.91654062619905%; height: 23px; border-style: solid; border-color: #000000;\" colspan=\"3\">\n<div style=\"text-align: center;\"><span style=\"color: #000000;\"><strong><span lang=\"EN-GB\">ZIUA 3<\/span><\/strong><\/span><\/div>\n<\/td>\n<\/tr>\n<tr style=\"height: 23px;\">\n<td style=\"width: 1.3717421124828533%; height: 23px; border-style: solid; border-color: #000000; text-align: left; vertical-align: top;\">\n<pre style=\"text-align: center;\"><span style=\"color: #000000;\"><strong>S\u00c2MB\u0102T\u0102\n<\/strong><strong>10-12<\/strong><\/span><\/pre>\n<\/td>\n<td style=\"width: 28.642153773020887%; height: 23px; border-style: solid; border-color: #000000; text-align: left; vertical-align: top;\">\n<p><a href=\"https:\/\/www.transformari-capitaliste.ro\/index.php\/prezentari\/#M\"><strong><span style=\"color: #000000;\">Panel M: <span style=\"color: #0000ff;\">Rela\u021bii capitaliste de munc\u0103 \u00een Rom\u00e2nia<\/span><\/span><\/strong><\/a><\/p>\n<p><span style=\"color: #000000;\">M1. Pedagogiile abstractiz\u0103rii: \u00eenv\u0103\u021bare, programare \u0219i externalizare \u00een Cluj<\/span><br><span style=\"color: #000000;\"><strong>Oana Mateescu<\/strong> (Facultatea de Sociologie \u0219i Asisten\u021b\u0103 social\u0103, Universitatea Babe\u0219-Bolyai)<\/span><\/p>\n<p><span style=\"color: #000000;\">M2. Motiva\u021bii de munc\u0103, temporalitate flexibil\u0103 \u0219i algoritmi digitali: &#8216;platformizarea&#8217; muncii \u00een sectorul livr\u0103rii de alimente din Rom\u00e2nia<\/span><br><span style=\"color: #000000;\"><strong>Delia B\u0103doi<\/strong> (Institutul de Cercetare a Calit\u0103\u021bii Vie\u021bii \u0219i Universitatea din Bucure\u0219ti)<\/span><\/p>\n<p><span style=\"color: #000000;\">M3. Etic\u0103 \u0219i corectitudine \u00een rela\u021biile capitaliste de munc\u0103: perspective ale profesioni\u0219tilor \u00een Resurse Umane din Romania<\/span><br><span style=\"color: #000000;\"><strong>Anca Simionca<\/strong> (Facultatea de Sociologie \u0219i Asisten\u021b\u0103 social\u0103, Universitatea Babe\u0219-Bolyai)<\/span><\/p>\n<p><span style=\"color: #000000;\">M4. Dezvoltarea personal\u0103 \u00eentr-o lume post-neoliberal\u0103: Oportunit\u0103\u021bi \u0219i provoc\u0103ri pentru cre\u0219terea personal\u0103<\/span><br><span style=\"color: #000000;\"><strong>Elena Trifan<\/strong> (\u0218coala Na\u021bional\u0103 de Studii Politice \u0219i Administrative)<\/span><\/p>\n<p><span style=\"color: #000000;\"><em style=\"font-family: inherit; font-size: inherit;\">Moderatoare:<\/em> <strong>Natalia Buier<\/strong> <span style=\"font-family: inherit; font-size: inherit;\">(Universitatea din Barcelona)<\/span><\/span><\/p>\n<\/td>\n<td style=\"width: 29.024361604524554%; height: 23px; border-style: solid; border-color: #000000; text-align: left; vertical-align: top;\">\n<p><a href=\"https:\/\/www.transformari-capitaliste.ro\/index.php\/prezentari\/#N\"><strong><span style=\"color: #000000;\">Panel N: <span style=\"color: #0000ff;\">Regimuri ale muncii \u015fi transform\u0103ri capitaliste \u00een Republica Moldova <\/span><\/span><\/strong><\/a><\/p>\n<p><span style=\"color: #000000;\">N1. Cum sa iti faci un loc de munca in sectorul cultural<\/span><br><span style=\"color: #000000;\"><strong>Nora Dorogan<\/strong> (Teatru Spalatorie)<\/span><\/p>\n<p><span style=\"color: #000000;\">N2. Relatii de munca in ONG-uri<\/span><br><span style=\"color: #000000;\"><strong>Lilia Nenescu<\/strong> (Platzforma)<\/span><\/p>\n<p><span style=\"color: #000000;\">N3. Regimul muncii in Moldova post-socialista: o analiza a transformarilor Codului Muncii<\/span><br><span style=\"color: #000000;\"><strong>Vitalie Spr\u00e2ncean\u0103<\/strong> (Platzforma)<\/span><\/p>\n<p><span style=\"color: #000000;\"><em>Moderator<\/em>:<\/span><br><span style=\"color: #000000;\"><strong>Ovidiu \u021aichindeleanu<\/strong> (Editura Idea)<\/span><\/p>\n<\/td>\n<td style=\"width: 29.25002524865361%; height: 23px; border-style: solid; border-color: #000000; text-align: left; vertical-align: top;\">\n<p><a href=\"https:\/\/www.transformari-capitaliste.ro\/index.php\/prezentari\/#O\"><strong><span style=\"color: #000000;\">Panel O: <span style=\"color: #0000ff;\">Dezvoltarea imobiliar\u0103 capitalist\u0103 pe fostele platforme industriale socialiste <\/span><\/span><\/strong><\/a><\/p>\n<p><span style=\"color: #000000;\">O1. Retroced\u0103ri, transform\u0103ri funciare \u0219i dezvolt\u0103ri imobiliare la margini de ora\u0219e mari dup\u0103 1990<\/span><br><span style=\"color: #000000;\"><strong>Ioana Florea<\/strong> (Facultatea de Studii Europene, Universitatea Babe\u0219-Bolyai)<\/span><br><span style=\"color: #000000;\"><strong>Mihail Dumitriu<\/strong> (Facultatea de Studii Europene, \u0218coala Doctoral\u0103 \u201eParadigma European\u0103\u201d, Universitatea Babe\u0219-Bolyai)<\/span><\/p>\n<p><span style=\"color: #000000;\">O2. Constr\u00e2ngeri structurale \u0219i nara\u021biuni locale cu privire la reconversia spa\u021biilor industriale din Craiova<\/span><br><span style=\"color: #000000;\"><strong>Ioana Vlad<\/strong> (Facultatea de Studii Europene, Universitatea Babe\u0219-Bolyai)<\/span><\/p>\n<p><span style=\"color: #000000;\">O3. Exist\u0103 o rela\u021bie \u00eentre cronologia deindustrializ\u0103rii \u0219i nivelul dezvolt\u0103rii imobiliare din ora\u0219ele medii? Compara\u021bie \u00eentre T\u00e2rgu Jiu \u0219i Baia Mare<\/span><br><span style=\"color: #000000;\"><strong>George Iulian Zamfir<\/strong> (Facultatea de Studii Europene, Universitatea Babe\u0219-Bolyai)<\/span><\/p>\n<p><span style=\"color: #000000;\">O4. De la ora\u0219ul de foc la ora\u0219ul butic: investi\u021bii de capital trans-na\u021bional \u00een fostele platforme industriale siderurgice<\/span><br><span style=\"color: #000000;\"><strong>Sorin Gog<\/strong> (Facultatea de Sociologie \u0219i Asisten\u021b\u0103 social\u0103, Universitatea Babe\u0219-Bolyai)<\/span><\/p>\n<p><span style=\"color: #000000;\"><em>Moderatoare<\/em>: <strong>Enik\u0151 Vincze<\/strong> (Facultatea de Studii Europene, Universitatea Babe\u0219-Bolyai)<\/span><\/p>\n<\/td>\n<\/tr>\n<tr style=\"height: 68px;\">\n<td style=\"width: 1.3717421124828533%; height: 693px; vertical-align: top;\">\n<pre style=\"text-align: center;\"><span style=\"color: #000000;\"><strong><span lang=\"EN-GB\">S\u00c2MB\u0102T\u0102\n<\/span><\/strong><strong><span lang=\"EN-GB\">12-14<\/span><\/strong><\/span><\/pre>\n<\/td>\n<td style=\"width: 28.642153773020887%; height: 693px; border-style: solid; border-color: #000000; text-align: left; vertical-align: top;\">\n<p><a href=\"https:\/\/www.transformari-capitaliste.ro\/index.php\/prezentari\/#P\"><span style=\"color: #000000;\"><strong>Panel P: <\/strong><span style=\"color: #0000ff;\"><strong>Munca precar\u0103 \u00een sectorul cultural din Rom\u00e2nia<\/strong><\/span><\/span><\/a><\/p>\n<p><span style=\"color: #000000;\"><strong>\u00a0<\/strong>P1. Primii ani 1990 \u0219i crearea mitului actorului-antreprenor \u00een Rom\u00e2nia<\/span><br><span style=\"color: #000000;\"><strong>Iulia Popovici <\/strong>(Universitatea din Craiova\/Universitatea de Arte T\u00e2rgu-Mure\u0219)<\/span><\/p>\n<p><span style=\"color: #000000;\">P2. Proiectariatul cultural: \u00eentre precarizare institu\u0163ionalizat\u0103 \u015fi bune practici anti-exploatare<\/span><br><span style=\"color: #000000;\"><strong>Adina Marincea<\/strong><\/span><\/p>\n<p><span style=\"color: #000000;\">P3. Reflec\u021bia teatrului politic asupra transform\u0103rilor din c\u00e2mpul muncii<\/span><br><span style=\"color: #000000;\"><strong>David Schwartz <\/strong>(Regizor, lector universitar, U.N.A.T.C. \u201eI.L. Caragiale\u201d Bucure\u0219ti)<\/span><\/p>\n<p><span style=\"color: #000000;\">P4. Tendin\u021bele de transformare ale modului de organizare a muncii \u00een cultur\u0103<\/span><br><span style=\"color: #000000;\"><strong>Cristian Pop <\/strong>(Facultatea de Sociologie \u0219i Asisten\u021b\u0103 Social\u0103 \u0219i Centrul Interdisciplinar pentru \u0218tiin\u021ba Datelor, UBB \u0219i Departamentul de Cercet\u0103ri Socio-Umane, Institutul de Istorie \u201cGeorge Bari\u021biu\u201d, Academia Rom\u00e2n\u0103)<\/span><\/p>\n<p><span style=\"color: #000000;\"><em>Moderatoare<\/em>: <strong>Miki Brani\u0219te <\/strong>(Facultatea de Teatru si Film, Universitatea Babe\u0219-Bolyai)<\/span><\/p>\n<\/td>\n<td style=\"width: 29.024361604524554%; height: 693px; border-style: solid; border-color: #000000; text-align: left; vertical-align: top;\">\n<p><a href=\"https:\/\/www.transformari-capitaliste.ro\/index.php\/prezentari\/#Q\"><span style=\"color: #000000;\"><strong>Panel Q: <span style=\"color: #0000ff;\">Istoria social\u0103 a capitalismului \u00een Transilvania \u0219i Regatul Rom\u00e2niei din secolul XIX \u0219i \u00eenceputul secolului XX<\/span><\/strong><\/span><\/a><\/p>\n<p><span style=\"color: #000000;\">Q1. Paternalism \u0219i protest \u00eentr-o industrie de stat: Munca \u0219i activismul femeilor \u00een industria tutunului \u00een Transilvania 1880-1940<\/span><br><span style=\"color: #000000;\"><strong>Alexandra Ghit<\/strong> (Central European University Viena, Departamentul de Istorie \u0219i Departamentul de Studii de Gen, Proiectul ZARAH)<\/span><\/p>\n<p><span style=\"color: #000000;\">Q2. C\u00e2teva considera\u021bii despre munc\u0103 \u0219i organiza\u021bii profesionale \u00een interbelicul rom\u00e2nesc<\/span><br><span style=\"color: #000000;\"><strong>Dan-Alexandru S\u0103voaia<\/strong> (Facultatea de Istorie, Universitatea \u201eAlexandru Ioan Cuza\u201d din Ia\u0219i)<\/span><\/p>\n<p><span style=\"color: #000000;\">Q3. Dilemele \u201ccapitalismului n\u0103sc\u00e2nd\u201d in viziunea primelor genera\u0163ii de sociali\u015fti din Rom\u00e2nia (1880-1914)<\/span><br><span style=\"color: #000000;\"><strong>Anca M<\/strong><strong>\u00e2ndru <\/strong>(Universitatea din Birmingham)<\/span><\/p>\n<p><span style=\"color: #000000;\">Q4. Proprietate \u0219i acces ierarhic la cet\u0103\u021benie la \u00eenceputul secolului XX<\/span><br><span style=\"color: #000000;\"><strong>Manuela Boatc<\/strong><strong>\u0103 <\/strong>(Universitatea din Freiburg, Germania)<\/span><\/p>\n<p><span style=\"color: #000000;\"><em style=\"font-family: inherit; font-size: inherit;\">Moderator<\/em><span style=\"font-family: inherit; font-size: inherit;\">: <\/span><strong style=\"font-family: inherit; font-size: inherit;\">Adrian T<\/strong><strong style=\"font-family: inherit; font-size: inherit;\">\u0103t\u0103ran <\/strong><span style=\"font-family: inherit; font-size: inherit;\">(Facultatea de Litere, Universitatea Babe\u0219-Bolyai)<\/span><\/span><\/p>\n<\/td>\n<td style=\"width: 29.25002524865361%; height: 693px; border-style: solid; border-color: #000000; text-align: left; vertical-align: top;\">\n<p><a href=\"https:\/\/www.transformari-capitaliste.ro\/index.php\/prezentari\/#P\"><span style=\"color: #000000;\"><strong>Panel R: <span style=\"color: #0000ff;\">Sociologia capitalismului rom\u00e2nesc: O discu\u021bie cu Vladimir Pasti<\/span><\/strong><\/span><\/a><\/p>\n<p class=\"MsoNormal\" style=\"margin: 0cm; font-size: medium; font-family: Calibri, sans-serif; caret-color: #000000; color: #000000;\"><b><span lang=\"RO\">Vladimir Pasti<\/span><\/b><span lang=\"RO\">\u00a0(<span style=\"font-size: 16px; font-family: 'Helvetica Neue', Helvetica, Arial, sans-serif;\">Departamentul de Sociologie, Facultatea de \u0218tiin\u021be Politice, SNSPA Bucure\u0219ti<\/span>)<\/span><\/p>\n<p><span style=\"color: #000000;\"><em>\u00a0<\/em><\/span><\/p>\n<p><span style=\"color: #000000;\"><em>Moderatori:<br><\/em><strong>Dana Dom\u0219odi <\/strong>(Facultatea de Sociologie \u0219i Asisten\u021b\u0103 social\u0103, Universitatea Babe\u0219-Bolyai)<\/span><\/p>\n<p><span style=\"color: #000000;\"><strong>Florin Poenaru <\/strong>(Facultatea de Sociologie \u0219i Asisten\u021b\u0103 social\u0103, Universitatea din Bucure\u0219ti)<\/span><\/p>\n<\/td>\n<\/tr>\n<\/tbody>\n<\/table>    <\/div>\n<\/div>\n<!-- \/module text -->        <\/div>\n                        <\/div>\n        <\/div>\n                        <div  data-lazy=\"1\" class=\"module_row themify_builder_row tb_vcu230 tf_w\">\n                        <div class=\"row_inner col_align_top tb_col_count_1 tf_box tf_rel\">\n                        <div  data-lazy=\"1\" class=\"module_column tb-column col-full tb_yisn30 first\">\n                            <\/div>\n                        <\/div>\n        <\/div>\n        <\/div>\n<!--\/themify_builder_content-->","protected":false},"excerpt":{"rendered":"<p>SINOPTICProgramul conferin\u021bei Ultimele trei decenii de transform\u0103ri capitaliste au schimbat \u00eentr-un mod substan\u021bial economia \u0219i structurile sociale ale societ\u0103\u021bii rom\u00e2ne\u0219ti \u0219i au dus la apari\u021bia unor noi tipuri de rela\u021bii industriale, diferite forme de organizare a muncii, noi regimuri locative, practici sociale centrate pe amplificarea competitivit\u0103\u021bii \u0219i a succesului personal \u0219i forme de consum cultural [&hellip;]<\/p>\n","protected":false},"author":1,"featured_media":0,"parent":0,"menu_order":0,"comment_status":"closed","ping_status":"closed","template":"","meta":{"om_disable_all_campaigns":false,"_mi_skip_tracking":false,"footnotes":""},"class_list":["post-51","page","type-page","status-publish","hentry","has-post-title","has-post-date","has-post-category","has-post-tag","has-post-comment","has-post-author",""],"aioseo_notices":[],"builder_content":"<h1>SINOPTIC<br\/>Programul conferin\u021bei<\/h1>\n\n<p style=\"text-align: left;\">Ultimele trei decenii de transform\u0103ri capitaliste au schimbat \u00eentr-un mod substan\u021bial economia \u0219i structurile sociale ale societ\u0103\u021bii rom\u00e2ne\u0219ti<\/p>\n<p style=\"text-align: justify;\">\u0219i au dus la apari\u021bia unor noi tipuri de rela\u021bii industriale, diferite forme de organizare a muncii, noi regimuri locative, practici sociale centrate pe amplificarea competitivit\u0103\u021bii \u0219i a succesului personal \u0219i forme de consum cultural adaptat economiei de pia\u021b\u0103. \u00cen cadrul \u0219tiin\u021belor sociale din Rom\u00e2nia s-a acordat o aten\u021bie relativ restr\u00e2ns\u0103 analizei critice a transform\u0103rilor capitaliste \u0219i a consecin\u021belor pe care tranzi\u021bia c\u0103tre un nou tip de economie politic\u0103 \u0219i un nou mod de organizare societal\u0103 l-a avut asupra popula\u021biei Rom\u00e2niei.\u00a0Scopul acestei conferin\u021be este s\u0103 interogheze dintr-o perspectiv\u0103 critic\u0103 transform\u0103rile capitaliste care au afectat societatea rom\u00e2neasc\u0103 \u00een ultimele trei decenii \u0219i s\u0103\u00a0analizeze traiectoria politic\u0103 \u0219i economic\u0103\u00a0specific\u0103 a Rom\u00e2niei \u00een contextul \u00a0<\/p>\n<p style=\"text-align: justify;\">variet\u0103\u021bilor de\u00a0capitalism implementate \u00een Europa Central\u0103 \u0219i de Est. Miza acestui eveniment este eviden\u021bierea temelor \u0219i pozi\u021bion\u0103rilor epistemologice care au structurat produc\u021bia de cunoa\u0219tere cu privire la tranzi\u021bia post-comunist\u0103 \u00een cadrul \u0219tiin\u021belor sociale din Rom\u00e2nia. Lucr\u0103rile \u0219tiin\u021bifice prezentate \u00een cadrul conferin\u021bei vizeaz\u0103 teme precum munca, locuirea, industria imobiliar\u0103, inegalit\u0103\u021bile sociale, migra\u021bia, criza climatic\u0103, c\u00e2mpul politic, produc\u021bia de film \u0219i cea literar\u0103, istoria capitalismului rom\u00e2nesc, filozofia \u0219i teoriile critice. Aceast\u0103 conferin\u021b\u0103 invit\u0103 participan\u021bii la o dezbatere despre\u00a0 cum ar trebui s\u0103 arate agenda de cercetare a \u0219tiin\u021belor sociale \u00een contextul dinamicilor\u00a0capitaliste globale \u0219i a integr\u0103rii Rom\u00e2niei \u00een Pia\u021b\u0103 Unic\u0103 European\u0103.<\/p> <p style=\"margin: 0cm; font-size: medium; font-family: 'Times New Roman', serif; caret-color: #000000; color: #000000; text-align: justify;\">\u00a0<\/p>\n<table style=\"height: 2087px; width: 100%; border-collapse: collapse; border-color: #000000; border-style: solid;\"> <tbody> <tr style=\"height: 132px;\"> <td style=\"width: 1.3717421124828533%; height: 132px;\"> <p style=\"text-align: center;\"><strong>\u00a0<\/strong><\/p> <\/td> <td style=\"height: 132px; width: 86.91654062619905%;\" colspan=\"3\"> <p style=\"text-align: center;\"><strong>TRANSFORM\u0102RI CAPITALISTE \u00ceN ROM\u00c2NIA: DEZVOLTARE INEGAL\u0102 \u0218I DECALAJE SOCIALE<br><\/strong><strong>23 - 25 martie 2023<br><\/strong><strong>(online Zoom)<\/strong><\/p> <\/td> <\/tr> <tr style=\"height: 137px;\"> <td style=\"width: 1.3717421124828533%; background-color: #f5cc2a; height: 115px; border-style: solid; border-color: #000000;\">\n<pre><strong>JOI<\/strong> <b><strong>23 MARTIE 2023<\/strong> <\/b><\/pre>\n<\/td> <td style=\"height: 115px; background-color: #f5cc2a; width: 86.91654062619905%; border-style: solid; border-color: #000000;\" colspan=\"3\"> <b>ZIUA 1<\/b> <\/td> <\/tr> <tr style=\"height: 182px; background-color: #a6a1a1;\"> <td style=\"width: 1.3717421124828533%; background-color: #aba6a6; height: 182px; border-style: solid; border-color: #000000; text-align: center;\"> <pre><strong>JOI <\/strong><strong>12-14<\/strong><\/pre> <\/td> <td style=\"height: 182px; background-color: #aba6a6; width: 86.91654062619905%; border-style: solid; border-color: #000000; text-align: center;\" colspan=\"3\"> <p style=\"text-align: center;\"><strong>PRELEGERE:<\/strong><\/p> <p style=\"text-align: center;\"><strong>Aurora Trif<\/strong> (Dublin City University)<br><strong><a style=\"color: #0000ff;\" href=\"https:\/\/www.transformari-capitaliste.ro\/index.php\/prelegeri\/#P1\">Lupta sindicatelor \u00eempotriva muncii precare: misiune imposibil\u0103 \u00een Rom\u00e2nia<\/a>?<\/strong><\/p> <p style=\"text-align: center;\"><em>Moderator<\/em>: <strong>Drago\u0219 Ad\u0103sc\u0103li\u021bei<\/strong> (Eurofond)<\/p> <\/td> <\/tr> <tr style=\"height: 132px;\"> <td style=\"width: 1.3717421124828533%; height: 132px; text-align: center; border-color: #000000; border-style: solid;\"> <pre><strong>JOI <\/strong><strong>14 \u2013 15<\/strong><\/pre> <\/td> <td style=\"height: 132px; width: 86.91654062619905%; border-color: #000000; border-style: solid;\" colspan=\"3\"> <p style=\"text-align: center;\"><strong>LANSARE CARTE:<\/strong><br>Bertolt Brecht \u2013 Trei piese antifasciste, Editura Tact, Cluj, 2023<br>Particip\u0103:\u00a0<strong>Veronica Laz\u0103r, David Schwartz, Lorin Ghima<\/strong>n<\/p> <\/td> <\/tr> <tr style=\"height: 68px;\"> <td style=\"width: 1.3717421124828533%; border-color: #000000; border-style: solid; vertical-align: top; height: 604px; text-align: center;\"> <pre><strong>JOI<\/strong> <strong>16 \u2013 18<\/strong><\/pre> <\/td> <td style=\"width: 28.642153773020887%; height: 604px; border-color: #000000; border-style: solid; text-align: left; vertical-align: top;\"> <p><strong><a style=\"color: #000000;\" href=\"https:\/\/www.transformari-capitaliste.ro\/index.php\/prezentari\/#A\">Panel A: Reformele neo-liberale \u00een Rom\u00e2nia: disfunc\u021bionalit\u0103\u021bi economice \u0219i dezvoltare inegal\u0103<\/a><\/strong><\/p> <p>A1. <a style=\"color: #000000;\" href=\"https:\/\/www.transformari-capitaliste.ro\/index.php\/prezentari\/#A\">Reforma pensiilor publice - o component\u0103 major\u0103 a ultimului pachet neoliberal<\/a><br><strong>Andrei Mocearov<\/strong> (Academia de Studii Economice din Bucure\u0219ti)<\/p> <p>A2. Geografii deraiate? Asupra conceptului de dezvoltare inegal\u0103: o abordare spa\u021bial\u0103 a percep\u021biei rom\u00e2nilor<br><strong>Aurelian Giug\u0103l<\/strong> (Centrul Interdisciplinar de Cercet\u0103ri Avansate asupra Dinamicii Teritoriale, Facultatea de Jurnalism \u015fi \u015etiin\u0163ele Comunic\u0103rii, Universitatea din Bucure\u0219ti)<br><strong>George Sec\u0103reanu<\/strong> (Universitatea \u201eOvidius\u201d din Constan\u021ba,\u00a0Centrul Interdisciplinar de Cercet\u0103ri Avansate asupra Dinamicii Teritoriale)<\/p> <p>A3. Dezindustrializare prin privatizare: o analiz\u0103 a dinamicilor economice din cadrul industriei chimice din Rom\u00e2nia<br><strong>Zolt\u00e1n Mih\u00e1ly<\/strong> (Universitatea Babe\u0219-Bolyai)<\/p> <p>A4. Ora\u0219ul rom\u00e2nesc post-socialist \u0219i procesul de restructurare urban\u0103. O perspectiv\u0103 geografic\u0103 asupra procesului de dezindustrializare din Rom\u00e2nia<br><strong>Ioan Sebastian Jucu<\/strong> (Universitatea de Vest din Timi\u0219oara)<\/p> <p><em>Moderatoare<\/em>: <strong>Lara Merling <\/strong>(Boston University Global Development Policy Center)<\/p> <\/td> <td style=\"width: 29.024361604524554%; height: 604px; border-color: #000000; border-style: solid; text-align: left; vertical-align: top;\"> <p><a href=\"https:\/\/www.transformari-capitaliste.ro\/index.php\/prezentari\/#B\"><strong>Panel B: Ecologii politice \u0219i lan\u021buri de produc\u021bie alimentar\u0103<\/strong><\/a><\/p> <p>B1. Res\u0103lb\u0103ticire spontan\u0103 in ruinele post-agrare ale insulelor dun\u0103rene<br><strong>\u0218tefan Dorondel<\/strong> (Institutul de Antropologie \u201cFrancisc I. Rainer\u201d, Academia Rom\u00e2n\u0103)<\/p> <p>B2. Suveranitate alimentar\u0103 \u00een Rom\u00e2nia: \u00eentre populism \u0219i progresism<br><strong>Irina Velicu<\/strong> (Centrul de Studii Sociale, Universitatea din Coimbra)<br><strong>Hestia Deliba\u0219<\/strong>\u00a0(Centrul de Studii Sociale, Universitatea din Coimbra)<\/p> <p>B3. Privatizarea naturii s\u0103lbatice \u0219i rolul capitalului transna\u021bional \u00een construirea Carpa\u021biilor ca periferie verde a Europei<br><strong>George Iord\u0103chescu<\/strong> (Departamentul de \u0218tiin\u021be Politice \u0219i Rela\u021bii Interna\u021bionale, Universitatea din Sheffield, Marea Britanie)<\/p> <p>B4. Ro\u0219ii Verzi \u00een spa\u021biul rom\u00e2nesc: condi\u021bii pentru a ie\u0219i din dulap printr-o nou\u0103 eco-nomie politic\u0103.<br><strong>Adi Dohotaru<\/strong> (Pre\u0219edinte Societatea Organizat\u0103 Sustenabil SOS)<\/p> <p><em>Moderator<\/em>: <strong>Camil P\u00e2rvu<\/strong> (Facultatea de \u0218tiin\u021be Politice, Universitatea din Bucure\u0219ti)<\/p> <\/td> <td style=\"width: 29.25002524865361%; height: 604px; border-color: #000000; border-style: solid; text-align: left; vertical-align: top;\"> <p><a href=\"https:\/\/www.transformari-capitaliste.ro\/index.php\/prezentari\/#C\"><strong>Panel C: Critici filosofice ale capitalismului: limite \u0219i posibilit\u0103\u021bi<\/strong><\/a><\/p> <p>C1. Colonizare \u0219i decolonizare a cunoa\u0219terii \u00een istoria intelectual\u0103 recent\u0103<br><strong>Veronica Laz\u0103r<\/strong> (Universitatea din Bucure\u0219ti)<\/p> <p>C2. \u201eObiecte imposibile\u201d a teoriei dreptului: studiile juridice critice \u00een semi-periferia european\u0103<br><strong>Cosmin Cercel<\/strong> (Assistant Professor Lazarski University in Warsaw\/ Cercet\u0103tor postdoctoral New Europe College)<\/p> <p>C3. Despre filozofie ca parazit<br><strong>Alexandru Sava<\/strong> (Centrul Pentru Studii De Dezvoltare \u015ei Cooperare Interna\u0163ional\u0103 (IDC), Universitatea Bucure\u0219ti)<\/p> <p>C4. C\u00e2nd realitatea devine teorie. Note despre filosofia de ocazie a lui G. Anders<br><strong>Lorin Ghiman<\/strong> (Lector dr., Universitatea de Art\u0103 \u0219i Design Cluj)<\/p> <p><em>Moderator<\/em>: <strong>Ciprian Bogdan<\/strong> (Facultatea de Studii Europene, Universitatea Babe\u0219-Bolyai)<\/p> <\/td> <\/tr> <tr style=\"height: 68px;\"> <td style=\"width: 1.3717421124828533%; height: 68px; text-align: left; border-style: solid; border-color: #000000; vertical-align: top;\"> <pre style=\"text-align: center;\"><strong>JOI<\/strong> <strong>18 \u2013 20<\/strong><\/pre> <\/td> <td style=\"width: 28.642153773020887%; height: 68px; border-style: solid; border-color: #000000; text-align: left; vertical-align: top;\"> <p><a href=\"https:\/\/www.transformari-capitaliste.ro\/index.php\/prezentari\/#D\"><strong>Panel D: Sistemul educa\u021bional rom\u00e2nesc: inegalit\u0103\u021bi structurale \u0219i mecanisme de finan\u021bare<\/strong><\/a><\/p> <p>D1. (In)echitatea educa\u021bional\u0103 \u00een sistemul de \u00eenv\u0103\u021b\u0103m\u00e2nt rom\u00e2nesc<br><strong>Sebastian \u021aoc<\/strong> (\u0218coala Na\u021bional\u0103 de Studii Politice \u0219i Administrative \u0219i Institutul de Cercetare a Calit\u0103\u021bii Vie\u021bii, Academia Rom\u00e2n\u0103)<br><strong>Andreea Gheba<\/strong> (\u0218coala Na\u021bional\u0103 de Studii Politice \u0219i Administrative)<\/p> <p>D2. Guvernan\u021ba prin bilan\u021b financiar \u0219i contradic\u021biile autonomiei universitare \u00een Rom\u00e2nia<br><strong>Irina Culic<\/strong> (Facultatea de Sociologie \u0219i Asisten\u021b\u0103 social\u0103, Universitatea Babe\u0219-Bolyai)<\/p> <p>D3. Reforma educa\u021biei din anii '90 \u00een Rom\u00e2nia: tendin\u021be ideologice \u0219i guvernare \u00een urma restructur\u0103rii propuse de Banca Mondial\u0103<br><strong>Dana Solonean<\/strong> (Facultatea de Sociologie \u0219i Asisten\u021b\u0103 social\u0103, Universitatea Babe\u0219-Bolyai)<\/p> <p>D4. Diferen\u021be: experien\u021be personale \u0219i dinamici intracomunitare - Un volum colectiv despre \u0219coal\u0103 \u0219i familie \u00eentr-o comunitate defavorizat\u0103<br><strong>Mihai Vasile<\/strong> (Asocia\u021bia Politeia\u00a0\u0219i Universitatea Babe\u0219-Bolyai)<br><strong>M\u0103d\u0103lina Musc\u0103<\/strong> (Asocia\u021bia Politeia)<\/p> <p><em>Moderator<\/em>: <strong>Gabriel B\u0103descu<\/strong> (Facultatea de \u0218tiin\u021be Politice, Administrative \u0219i ale Comunic\u0103rii,\u00a0Universitatea Babe\u0219-Bolyai)<\/p> <\/td> <td style=\"width: 29.024361604524554%; height: 68px; border-style: solid; border-color: #000000; text-align: left; vertical-align: top;\"> <p><a href=\"https:\/\/www.transformari-capitaliste.ro\/index.php\/prezentari\/#E\"><strong>Panel E: Pentru o nou\u0103 agend\u0103 de cercetare a socialismului rom\u00e2nesc: istorii sociale, metodologii \u0219i blocaje ideologice<\/strong><\/a><\/p> <p>E1. [carte] Laboring Along: Industrial Workers and the Making of Postwar Romania<br><strong>Adrian Grama<\/strong> (Leibniz-Institut f\u00fcr Ost- und S\u00fcdosteuropaforschung, IOS)<\/p> <p>E2. [carte] Ferestre spre furnalul ro\u0219u: urbanism \u0219i cotidian \u00een Hunedoara \u0219i C\u0103lan<br><strong>Mara M\u0103rginean<\/strong> (Institutul de Istorie \u201eGeorge Bari\u021biu\u201d din. Cluj-Napoca al Academiei Rom\u00e2ne)<\/p> <p>E3. [carte] Zona urban\u0103. O economie politic\u0103 a socialismului rom\u00e2nesc<br><strong>Norbert Petrovici<\/strong> (Facultatea de Sociologie \u0219i Asisten\u021b\u0103 social\u0103, Universitatea Babe\u0219-Bolyai)<\/p> <p><em>Moderatoare<\/em>: <strong>Adela H\u00eencu<\/strong> (Institutul de Filozofie \u2018Alexandru Dragomir\u2019)<\/p> <\/td> <td style=\"width: 29.25002524865361%; height: 68px; border-style: solid; border-color: #000000; text-align: left; vertical-align: top;\"> <p><strong>Panel F: Rute \u0219i scenarii ale migra\u021biei economice \u00een literatura \u0219i filmul din postcomunism<\/strong><\/p> <p>F1. Literatura migra\u021biei\u2014o tragicomedie?<br><strong>Anca P\u00e2rvulescu<\/strong> (Washington University in St. Louis)<\/p> <p>F2. Heterotopia capitalist\u0103 &amp; utopia social\u0103 pierdut\u0103: clas\u0103, munc\u0103, migra\u021bie \u00een literatura rom\u00e2n\u0103 postcomunist\u0103<br><strong>\u0218tefan Baghiu<\/strong> (Facultatea de Litere \u0219i Arte, Universitatea \u201cLucian Blaga\u201d Sibiu)<br><strong>Ovio Olaru<\/strong> (Facultatea de Litere \u0219i Arte, Universitatea \u201cLucian Blaga\u201d Sibiu)<\/p> <p>F3. Comedia capitalismului: emigra\u021bia \u00een romanele \u0219i filmele rom\u00e2ne\u0219ti nou\u0103zeciste<br><strong>Cosmin Borza<\/strong> (Facultatea de Litere, Universitatea Babe\u0219-Bolyai)<br><strong>Claudiu Turcu\u0219<\/strong> (Facultatea de Litere, Universitatea Babe\u0219-Bolyai)<\/p> <p>F4. Munca precar\u0103 a emigrantelor: subreprezentare \u0219i suprainterpretare \u00een literatura rom\u00e2n\u0103 postcomunist\u0103<br><strong>Adriana Stan<\/strong> (Facultatea de Litere, Universitatea Babe\u0219-Bolyai)<br><strong>Snejana Ung<\/strong> (Facultatea de Litere, Universitatea Babe\u0219-Bolyai)<\/p> <p><em>Moderator<\/em>: <strong>Alex Goldi\u0219<\/strong> (Facultatea de Litere, Universitatea Babe\u0219-Bolyai)<\/p> <\/td> <\/tr> <tr style=\"height: 23px;\"> <td style=\"width: 1.3717421124828533%; height: 23px; text-align: center; background-color: #f5cc2a; border-style: solid; border-color: #000000;\"> <pre><strong>VINERI<\/strong> <strong>24 MARTIE 2023<\/strong><\/pre> <\/td> <td style=\"width: 86.91654062619905%; height: 23px; background-color: #f5cc2a; border-style: solid; border-color: #000000; text-align: center;\" colspan=\"3\"> <strong>ZIUA 2<\/strong> <\/td> <\/tr> <tr style=\"height: 23px; background-color: #a6a1a1;\"> <td style=\"width: 1.3717421124828533%; height: 23px; text-align: center; border-style: solid; border-color: #000000;\"> <pre><strong>VINERI 12-14 <\/strong><\/pre> <\/td> <td style=\"width: 86.91654062619905%; height: 23px; border-style: solid; border-color: #000000;\" colspan=\"3\"> <p style=\"text-align: center;\"><strong>PRELEGERE:<\/strong><\/p> <p style=\"text-align: center;\"><strong>Cornel Ban<\/strong> (Copenhagen Business School)<br><strong><a href=\"https:\/\/www.transformari-capitaliste.ro\/index.php\/prelegeri\/#P2\">Dependen\u021ba tensionat\u0103 a modelului rom\u00e2nesc de cre\u0219tere economic\u0103: disfunc\u021bionalit\u0103\u021bi sociale \u0219i vulnerabilitate climatic\u0103<\/a><\/strong><\/p> <p style=\"text-align: center;\"><em>Moderatoare:<\/em> <strong>Veronica Laz\u0103r<\/strong> (Universitatea Bucure\u0219ti)<\/p> <\/td> <\/tr> <tr style=\"height: 23px;\"> <td style=\"width: 1.3717421124828533%; height: 23px; border-style: solid; border-color: #000000; vertical-align: top;\"> <pre style=\"text-align: center;\"><strong>VINERI 14-16<\/strong><\/pre> <\/td> <td style=\"width: 28.642153773020887%; height: 23px; text-align: left; vertical-align: top; border-style: solid; border-color: #000000;\"> <p><a href=\"https:\/\/www.transformari-capitaliste.ro\/index.php\/prezentari\/#G\"><strong>Panel G: Teorii critice \u0219i interogarea economiei politice a capitalismului contemporan<\/strong><\/a><\/p> <p>G1. Arhitectonici contemporane ale criticii. O perspectiv\u0103 comparativist\u0103 asupra variantelor de economie politic\u0103 critic\u0103<br><strong>Dana Dom\u0219odi<\/strong> (Facultatea de Sociologie \u0219i Asisten\u021b\u0103 social\u0103, Universitatea Babe\u0219-Bolyai)<\/p> <p>G2. C\u0103tre realism \u00een teoria critic\u0103 \u2013 din Europa de Est \u015fi Central\u0103<br><strong>Ovidiu \u021aichindeleanu<\/strong> (Editura Idea)<\/p> <p>G3. Necropolitic\u0103 \u0219i munc\u0103 \u00een Rom\u00e2nia neoliberal\u0103<br><strong>Diana Bulzan<\/strong> (Universitatea de Art\u0103 \u0219i Design, Linz, Austria)<\/p> <p>G4. Decizia \u00eempotriva Capitalului. Critica postfilosofic\u0103 a modului de produc\u021bie \u0219i a binefacerilor sale<br><strong>Alexandru Polg\u00e1r<\/strong> (Facultatea de \u0218tiin\u021be Politice, Administrative \u0219i ale Comunic\u0103rii)<\/p> <p><em style=\"font-family: inherit; font-size: inherit;\">Moderator<\/em>: <strong>Bogdan Ghiu<\/strong><\/p> <\/td> <td style=\"width: 29.024361604524554%; height: 23px; text-align: left; vertical-align: top; border-style: solid; border-color: #000000;\"> <p><strong><a href=\"https:\/\/www.transformari-capitaliste.ro\/index.php\/prezentari\/#H\">Panel H:\u00a0 Baloldali kritikai \u00e9s politikai \u00f6nszervez\u0151d\u00e9s rom\u00e1niai magyar kontextusban<\/a> \/ Critic\u0103 \u0219i politic\u0103 de st\u00e2nga \u00een contextul maghiar din Rom\u00e2nia (panel \u00een limba maghiar\u0103 cu traducere simultan\u0103 \u00een limba rom\u00e2n\u0103)<\/strong><\/p> <p>H1. Megjegyz\u00e9sek a rom\u00e1niai magyarok oszt\u00e1lyviszonyainak k\u00e9rd\u00e9s\u00e9hez \/ Note despre rela\u021biile de clas\u0103 ale maghiarilor din Rom\u00e2nia<br><strong>Borb\u00e9ly Andr\u00e1s<\/strong> (essz\u00e9ista, k\u00f6lt\u0151, munkan\u00e9lk\u00fcli\/ eseist, poet, \u0219omer)<\/p> <p>H2. Neo)liberalizmus \u00e9s etnicizmus a rom\u00e1niai magyar t\u00e1rsadalomban \/ (Neo)liberalism \u0219i etnicism \u00een societatea maghiar\u0103 din Rom\u00e2nia<br><strong>Szigeti Attila<\/strong> (Magyar Filoz\u00f3fiai Int\u00e9zet, BBTE\/ Departamentul de Filosofie \u00een limba maghiar\u0103, Universitatea Babe\u0219-Bolyai)<\/p> <p>H3. Hagyom\u00e1nyt\u00f6r\u00e9sek \u00e9s immunis nyilv\u00e1noss\u00e1gok: egy \u00faj erd\u00e9lyi magyar baloldal \/ O nou\u0103 st\u00e2ng\u0103 maghiar\u0103 \u00eentre rupturi de tradi\u0163ie \u015fi imunitatea spa\u0163iilor publice<br><strong>Sz\u00e9kely \u00d6rs<\/strong> (szerkeszt\u0151, \u00faj szem foly\u00f3irat\/ redactor, revista \u201e\u00faj szem\u201d)<\/p> <p>H4. K\u00e9t nyelv k\u00f6z\u00f6tt \u00e9s sehol sem otthon: A k\u00e9tnyelv\u0171 egy\u00fctt\u00e9l\u00e9s neh\u00e9zs\u00e9gei \u00e9s lehet\u0151s\u00e9gei \u00e9s radik\u00e1lis baloldali feminista szervez\u0151d\u00e9s Rom\u00e1ni\u00e1ban \/ Prins\u0103 \u00eentre dou\u0103 limbi \u0219i nic\u0103ieri acas\u0103: Dificult\u0103\u021bile \u0219i posibilit\u0103\u021bile de convie\u021buire bilingv\u0103 \u0219i organizare feminist\u0103 de st\u00e2nga radical\u0103 \u00een Rom\u00e2nia<br><strong>Ugron N\u00f3ra<\/strong> (Turkui Egyetem, T\u00e1rsadalmi Nemek Tanulm\u00e1nya (Gender Studies) Tansz\u00e9k\/ Universitatea din Turku, Departamentul de Studii de Gen)<\/p> <p><em>Moderatoare<\/em>: <strong>Marin Dia<\/strong> (Departamentul de Filosofie \u00een lb. maghiar\u0103, Universitatea Babe\u0219-Bolyai)<\/p> <p><em>Traduc\u0103tor<\/em>: <strong>Gal Jozsef<\/strong><\/p> <\/td> <td style=\"width: 29.25002524865361%; height: 23px; text-align: left; vertical-align: top; border-style: solid; border-color: #000000;\"> <p><a href=\"https:\/\/www.transformari-capitaliste.ro\/index.php\/prezentari\/#I\"><strong>Panel I: Munc\u0103 precar\u0103 \u0219i migra\u021bie trans-na\u021bional\u0103<\/strong><\/a><\/p> <p>I1. Bog\u0103\u021bie privat\u0103 \u0219i s\u0103r\u0103cie public\u0103: limitele aportului migra\u021biei transna\u021bionale pentru dezvoltarea local\u0103 \u00een Maramure\u0219<br><strong>Gabriel Troc<\/strong> (Facultatea de Sociologie \u0219i Asisten\u021b\u0103 social\u0103, Universitatea Babe\u0219-Bolyai)<\/p> <p>I2. \u2018Welfare brokers\u2019 \u0219i accesul cet\u0103\u021benilor mobili la protec\u021bie social\u0103 \u00een interiorul UE<br><strong>Alexandra Voivozeanu<\/strong> (Associate Researcher, CEDEM, University of Li\u00e8ge)<\/p> <p>I3. Condi\u021bii structurale ale migr\u0103rii: munca precar\u0103 \u00een fabricile din noul val al re-industrializ\u0103rii \u00een Baia Mare<br><strong>Neda Deneva<\/strong> (Cercet\u0103tor post-doctoral,\u00a0Universitatea Babe\u0219-Bolyai))<\/p> <p>I4. Disciplin\u0103 \u0219i invidie: munca romilor, migra\u021bia sezonier\u0103 \u0219i efectele lor \u00een comunit\u0103\u021bile rurale din Rom\u00e2nia<br><strong>Valer Simion Cosma<\/strong> (Universitatea \u201eLucian Blaga\u201d din Sibiu)<\/p> <p><em>Moderatoare<\/em>: <strong>Olga Cojocaru<\/strong> (Centre of Migration Research, Varsovia)<\/p> <\/td> <\/tr> <tr style=\"height: 23px;\"> <td style=\"width: 1.3717421124828533%; height: 23px; border-color: #000000; border-style: solid; vertical-align: top;\"> <pre style=\"text-align: center;\"><strong>VINERI 16-18<\/strong><\/pre> <\/td> <td style=\"width: 28.642153773020887%; height: 23px; text-align: left; vertical-align: top; border-color: #000000; border-style: solid;\"> <p><a href=\"https:\/\/www.transformari-capitaliste.ro\/index.php\/prezentari\/#J\"><strong>Panel J: Cunoa\u0219teri situate: abord\u0103ri feministe socialiste \u00een contextul rom\u00e2nesc actual<\/strong><\/a><\/p> <p>\u00a0J1. Feministe \u00eenc\u0103 de la gr\u0103dini\u021b\u0103! Exers\u00e2nd o pedagogie eliberatoare<br><strong>Mihaela Michailov<\/strong> (Conf. Univ. Dr., UNATC I.L.Caragiale, Bucure\u0219ti)<\/p> <p>\u00a0J2. Cercetarea feminist\u0103 \u00eentre problematica ideologic\u0103 \u0219i cea teoretic\u0103. Despre mizele produc\u021biei alternative de cunoa\u0219tere<br><strong>Iulia Militaru<\/strong> (Dr., Facultatea de Litere, UB)<\/p> <p>J3. Accesul la avort \u00een Rom\u00e2nia, sub presiunea politicilor neoliberale \u0219i atacurilor conservatoare<br><strong>Tudorina Mihai<\/strong> (Dr., S.N.S.P.A., Bucure\u0219ti, activist\u0103 \u0219i cercet\u0103toare)<\/p> <p>J4. Deprivatizarea muncii reproductive la intersec\u021bia \u00eentre teorie \u0219i praxis. Sau cum facem s\u0103 desfiin\u021b\u0103m familia<br><strong>Oana Uiorean<\/strong> (Scriitoare \u0219i traduc\u0103toare)<\/p> <p>J5. O abordare feminist\u0103 socialist\u0103 a muncii: reconsiderarea rela\u021biei femeilor cu p\u0103m\u00e2ntul \u00een societ\u0103\u021bile agrare<br><strong>Anca Bucur<\/strong> (Artist\u0103 vizual\u0103 \u0219i scriitoare)<\/p> <p><em>Moderatoare:<\/em> <strong>Laura Sandu<\/strong> (Drd., C.E.S.I., UB)<\/p> <\/td> <td style=\"width: 29.024361604524554%; height: 23px; text-align: left; vertical-align: top; border-color: #000000; border-style: solid;\"> <p><a href=\"https:\/\/www.transformari-capitaliste.ro\/index.php\/prezentari\/#K\"><strong>Panel K: Pozi\u021bion\u0103ri \u00een c\u00e2mpul politic rom\u00e2nesc fa\u021b\u0103 de transform\u0103rile capitaliste de dup\u0103 1989<\/strong><\/a><\/p> <p>K1. Improbabila st\u00e2ng\u0103: social-democra\u021bia \u00een Rom\u00e2nia dup\u0103 1989<br><strong>Ruxandra Ivan<\/strong> (Facultatea de \u015etiin\u0163e Politice, Universitatea din Bucure\u015fti)<\/p> <p>\u00a0K2. Un electorat \u00een c\u0103utarea unui partid: St\u00e2nga rom\u00e2neasc\u0103 de azi (\u0219i de m\u00e2ine)<br><strong>Vladimir Bor\u021bun<\/strong> (Departamentul de Politici \u0219i Interven\u021bie Sociale, Universitatea Oxford)<\/p> <p>\u00a0K3. \u00centre valori pro \u0219i anti-capitaliste: divide na\u021bionalismul economic aleg\u0103torii Alian\u021bei pentru Unitatea Rom\u00e2nilor?<br><strong>Sergiu Mi\u0219coiu<\/strong> (Facultatea de Studii Europene, Universitatea Babe\u0219-Bolyai)<\/p> <p>\u00a0K4. Construc\u021bia Noii St\u00e2ngi Central si Est-europene. R\u0103spunsuri politice la neoliberalismul periferic<br><strong>Claudiu Cr\u0103ciun<\/strong> (Facultatea de \u015etiin\u0163e Politice, \u015ecoala Na\u0163ional\u0103 de Studii Politice \u015fi Administrative)<\/p> <p><em>Moderatoare<\/em>: <strong>Diana M\u0103rg\u0103rit<\/strong> (Facultatea de Filosofie \u015fi \u0218tiin\u0163e Social-Politice, Universitatea Alexandru Ioan Cuza)<\/p> <\/td> <td style=\"width: 29.25002524865361%; text-align: left; vertical-align: top; height: 23px; border-color: #000000; border-style: solid;\" width=\"450\"> <p><a href=\"https:\/\/www.transformari-capitaliste.ro\/index.php\/prezentari\/#L\"><strong>Panel L: Filmul rom\u00e2nesc \u0219i reprezentarea transform\u0103rilor sociale capitaliste<\/strong><\/a><\/p> <p>L1. Noi regimuri emo\u021bionale \u00een noul cinema rom\u00e2nesc: Rela\u021biile toxice \u0219i disfunc\u021bionalitatea \u00een conflictele inter-genera\u021bionale<br><strong>Lucian \u021aion<\/strong> (Facultatea de Teatru si Film, Universitatea Babe\u0219-Bolyai)<\/p> <p>L2. Mitologia social\u0103 a serialului rom\u00e2nesc post-socialist: La Bloc, B\u0103ie\u021bi buni, Las Fierbin\u021bi, Ruxx<br><strong>Alexandru Matei<\/strong> (Facultatea de Litere, Universitatea Transilvania din Bra\u0219ov)<\/p> <p>L3. Reprezent\u0103ri ale minorit\u0103\u021bilor etnice \u00een filmul de fic\u021biune postdecembrist<br><strong>Daniel Iftene<\/strong> (Facultatea de Teatru si Film, Universitatea Babe\u0219-Bolyai)<\/p> <p>L4. Clas\u0103 \u0219i decalaje sociale \u00een filmul popular: Teambuilding \u0219i Taximetri\u0219tii<br><strong>Bogdan Popa<\/strong> (Universitatea Transilvania din Bra\u0219ov)<\/p> <p><em>Moderator<\/em>: <strong>Claudiu Turcu\u0219<\/strong> (Facultatea de Teatru si Film, Universitatea Babe\u0219-Bolyai)<\/p> <\/td> <\/tr> <tr style=\"height: 23px; border-color: #050505; background-color: #a6a1a1;\"> <td style=\"width: 1.3717421124828533%; height: 23px; border-style: solid; border-color: #000000;\"> <pre style=\"text-align: center;\"><strong>VINERI 18-20<\/strong><\/pre> <\/td> <td style=\"width: 86.91654062619905%; height: 23px; border-style: solid; border-color: #000000;\" colspan=\"3\"> <p style=\"text-align: center;\"><strong>PRELEGERE:<\/strong><\/p> <p style=\"text-align: center;\"><strong>Enik\u0151 Vincze<\/strong> (Universitatea Babe\u0219-Bolyai)<br><strong><a href=\"https:\/\/www.transformari-capitaliste.ro\/index.php\/prelegeri\/#P3\">Dezvoltarea inegal\u0103 \u00een Rom\u00e2nia: condi\u021bie \u0219i produs al acumul\u0103rii de capital<\/a>\u00a0<\/strong><\/p> <p style=\"text-align: center;\"><em>Moderatoare<\/em>: <strong>Irina Culic<\/strong> (Universitatea Babe\u0219-Bolyai)<\/p> <\/td> <\/tr> <tr style=\"height: 23px; background-color: #f5cc2a;\"> <td style=\"width: 1.3717421124828533%; height: 23px; border-style: solid; border-color: #000000;\"> <pre><strong>S\u00c2MB\u0102T\u0102,\u00a025 MARTIE, 2023<\/strong><\/pre> <\/td> <td style=\"width: 86.91654062619905%; height: 23px; border-style: solid; border-color: #000000;\" colspan=\"3\"> <strong>ZIUA 3<\/strong> <\/td> <\/tr> <tr style=\"height: 23px;\"> <td style=\"width: 1.3717421124828533%; height: 23px; border-style: solid; border-color: #000000; text-align: left; vertical-align: top;\"> <pre style=\"text-align: center;\"><strong>S\u00c2MB\u0102T\u0102 <\/strong><strong>10-12<\/strong><\/pre> <\/td> <td style=\"width: 28.642153773020887%; height: 23px; border-style: solid; border-color: #000000; text-align: left; vertical-align: top;\"> <p><a href=\"https:\/\/www.transformari-capitaliste.ro\/index.php\/prezentari\/#M\"><strong>Panel M: Rela\u021bii capitaliste de munc\u0103 \u00een Rom\u00e2nia<\/strong><\/a><\/p> <p>M1. Pedagogiile abstractiz\u0103rii: \u00eenv\u0103\u021bare, programare \u0219i externalizare \u00een Cluj<br><strong>Oana Mateescu<\/strong> (Facultatea de Sociologie \u0219i Asisten\u021b\u0103 social\u0103, Universitatea Babe\u0219-Bolyai)<\/p> <p>M2. Motiva\u021bii de munc\u0103, temporalitate flexibil\u0103 \u0219i algoritmi digitali: 'platformizarea' muncii \u00een sectorul livr\u0103rii de alimente din Rom\u00e2nia<br><strong>Delia B\u0103doi<\/strong> (Institutul de Cercetare a Calit\u0103\u021bii Vie\u021bii \u0219i Universitatea din Bucure\u0219ti)<\/p> <p>M3. Etic\u0103 \u0219i corectitudine \u00een rela\u021biile capitaliste de munc\u0103: perspective ale profesioni\u0219tilor \u00een Resurse Umane din Romania<br><strong>Anca Simionca<\/strong> (Facultatea de Sociologie \u0219i Asisten\u021b\u0103 social\u0103, Universitatea Babe\u0219-Bolyai)<\/p> <p>M4. Dezvoltarea personal\u0103 \u00eentr-o lume post-neoliberal\u0103: Oportunit\u0103\u021bi \u0219i provoc\u0103ri pentru cre\u0219terea personal\u0103<br><strong>Elena Trifan<\/strong> (\u0218coala Na\u021bional\u0103 de Studii Politice \u0219i Administrative)<\/p> <p><em style=\"font-family: inherit; font-size: inherit;\">Moderatoare:<\/em> <strong>Natalia Buier<\/strong> (Universitatea din Barcelona)<\/p> <\/td> <td style=\"width: 29.024361604524554%; height: 23px; border-style: solid; border-color: #000000; text-align: left; vertical-align: top;\"> <p><a href=\"https:\/\/www.transformari-capitaliste.ro\/index.php\/prezentari\/#N\"><strong>Panel N: Regimuri ale muncii \u015fi transform\u0103ri capitaliste \u00een Republica Moldova <\/strong><\/a><\/p> <p>N1. Cum sa iti faci un loc de munca in sectorul cultural<br><strong>Nora Dorogan<\/strong> (Teatru Spalatorie)<\/p> <p>N2. Relatii de munca in ONG-uri<br><strong>Lilia Nenescu<\/strong> (Platzforma)<\/p> <p>N3. Regimul muncii in Moldova post-socialista: o analiza a transformarilor Codului Muncii<br><strong>Vitalie Spr\u00e2ncean\u0103<\/strong> (Platzforma)<\/p> <p><em>Moderator<\/em>:<br><strong>Ovidiu \u021aichindeleanu<\/strong> (Editura Idea)<\/p> <\/td> <td style=\"width: 29.25002524865361%; height: 23px; border-style: solid; border-color: #000000; text-align: left; vertical-align: top;\"> <p><a href=\"https:\/\/www.transformari-capitaliste.ro\/index.php\/prezentari\/#O\"><strong>Panel O: Dezvoltarea imobiliar\u0103 capitalist\u0103 pe fostele platforme industriale socialiste <\/strong><\/a><\/p> <p>O1. Retroced\u0103ri, transform\u0103ri funciare \u0219i dezvolt\u0103ri imobiliare la margini de ora\u0219e mari dup\u0103 1990<br><strong>Ioana Florea<\/strong> (Facultatea de Studii Europene, Universitatea Babe\u0219-Bolyai)<br><strong>Mihail Dumitriu<\/strong> (Facultatea de Studii Europene, \u0218coala Doctoral\u0103 \u201eParadigma European\u0103\u201d, Universitatea Babe\u0219-Bolyai)<\/p> <p>O2. Constr\u00e2ngeri structurale \u0219i nara\u021biuni locale cu privire la reconversia spa\u021biilor industriale din Craiova<br><strong>Ioana Vlad<\/strong> (Facultatea de Studii Europene, Universitatea Babe\u0219-Bolyai)<\/p> <p>O3. Exist\u0103 o rela\u021bie \u00eentre cronologia deindustrializ\u0103rii \u0219i nivelul dezvolt\u0103rii imobiliare din ora\u0219ele medii? Compara\u021bie \u00eentre T\u00e2rgu Jiu \u0219i Baia Mare<br><strong>George Iulian Zamfir<\/strong> (Facultatea de Studii Europene, Universitatea Babe\u0219-Bolyai)<\/p> <p>O4. De la ora\u0219ul de foc la ora\u0219ul butic: investi\u021bii de capital trans-na\u021bional \u00een fostele platforme industriale siderurgice<br><strong>Sorin Gog<\/strong> (Facultatea de Sociologie \u0219i Asisten\u021b\u0103 social\u0103, Universitatea Babe\u0219-Bolyai)<\/p> <p><em>Moderatoare<\/em>: <strong>Enik\u0151 Vincze<\/strong> (Facultatea de Studii Europene, Universitatea Babe\u0219-Bolyai)<\/p> <\/td> <\/tr> <tr style=\"height: 68px;\"> <td style=\"width: 1.3717421124828533%; height: 693px; vertical-align: top;\"> <pre style=\"text-align: center;\"><strong>S\u00c2MB\u0102T\u0102 <\/strong><strong>12-14<\/strong><\/pre> <\/td> <td style=\"width: 28.642153773020887%; height: 693px; border-style: solid; border-color: #000000; text-align: left; vertical-align: top;\"> <p><a href=\"https:\/\/www.transformari-capitaliste.ro\/index.php\/prezentari\/#P\"><strong>Panel P: <\/strong><strong>Munca precar\u0103 \u00een sectorul cultural din Rom\u00e2nia<\/strong><\/a><\/p> <p><strong>\u00a0<\/strong>P1. Primii ani 1990 \u0219i crearea mitului actorului-antreprenor \u00een Rom\u00e2nia<br><strong>Iulia Popovici <\/strong>(Universitatea din Craiova\/Universitatea de Arte T\u00e2rgu-Mure\u0219)<\/p> <p>P2. Proiectariatul cultural: \u00eentre precarizare institu\u0163ionalizat\u0103 \u015fi bune practici anti-exploatare<br><strong>Adina Marincea<\/strong><\/p> <p>P3. Reflec\u021bia teatrului politic asupra transform\u0103rilor din c\u00e2mpul muncii<br><strong>David Schwartz <\/strong>(Regizor, lector universitar, U.N.A.T.C. \u201eI.L. Caragiale\u201d Bucure\u0219ti)<\/p> <p>P4. Tendin\u021bele de transformare ale modului de organizare a muncii \u00een cultur\u0103<br><strong>Cristian Pop <\/strong>(Facultatea de Sociologie \u0219i Asisten\u021b\u0103 Social\u0103 \u0219i Centrul Interdisciplinar pentru \u0218tiin\u021ba Datelor, UBB \u0219i Departamentul de Cercet\u0103ri Socio-Umane, Institutul de Istorie \u201cGeorge Bari\u021biu\u201d, Academia Rom\u00e2n\u0103)<\/p> <p><em>Moderatoare<\/em>: <strong>Miki Brani\u0219te <\/strong>(Facultatea de Teatru si Film, Universitatea Babe\u0219-Bolyai)<\/p> <\/td> <td style=\"width: 29.024361604524554%; height: 693px; border-style: solid; border-color: #000000; text-align: left; vertical-align: top;\"> <p><a href=\"https:\/\/www.transformari-capitaliste.ro\/index.php\/prezentari\/#Q\"><strong>Panel Q: Istoria social\u0103 a capitalismului \u00een Transilvania \u0219i Regatul Rom\u00e2niei din secolul XIX \u0219i \u00eenceputul secolului XX<\/strong><\/a><\/p> <p>Q1. Paternalism \u0219i protest \u00eentr-o industrie de stat: Munca \u0219i activismul femeilor \u00een industria tutunului \u00een Transilvania 1880-1940<br><strong>Alexandra Ghit<\/strong> (Central European University Viena, Departamentul de Istorie \u0219i Departamentul de Studii de Gen, Proiectul ZARAH)<\/p> <p>Q2. C\u00e2teva considera\u021bii despre munc\u0103 \u0219i organiza\u021bii profesionale \u00een interbelicul rom\u00e2nesc<br><strong>Dan-Alexandru S\u0103voaia<\/strong> (Facultatea de Istorie, Universitatea \u201eAlexandru Ioan Cuza\u201d din Ia\u0219i)<\/p> <p>Q3. Dilemele \u201ccapitalismului n\u0103sc\u00e2nd\u201d in viziunea primelor genera\u0163ii de sociali\u015fti din Rom\u00e2nia (1880-1914)<br><strong>Anca M<\/strong><strong>\u00e2ndru <\/strong>(Universitatea din Birmingham)<\/p> <p>Q4. Proprietate \u0219i acces ierarhic la cet\u0103\u021benie la \u00eenceputul secolului XX<br><strong>Manuela Boatc<\/strong><strong>\u0103 <\/strong>(Universitatea din Freiburg, Germania)<\/p> <p><em style=\"font-family: inherit; font-size: inherit;\">Moderator<\/em>: <strong style=\"font-family: inherit; font-size: inherit;\">Adrian T<\/strong><strong style=\"font-family: inherit; font-size: inherit;\">\u0103t\u0103ran <\/strong>(Facultatea de Litere, Universitatea Babe\u0219-Bolyai)<\/p> <\/td> <td style=\"width: 29.25002524865361%; height: 693px; border-style: solid; border-color: #000000; text-align: left; vertical-align: top;\"> <p><a href=\"https:\/\/www.transformari-capitaliste.ro\/index.php\/prezentari\/#P\"><strong>Panel R: Sociologia capitalismului rom\u00e2nesc: O discu\u021bie cu Vladimir Pasti<\/strong><\/a><\/p> <p style=\"margin: 0cm; font-size: medium; font-family: Calibri, sans-serif; caret-color: #000000; color: #000000;\"><b>Vladimir Pasti<\/b>\u00a0(Departamentul de Sociologie, Facultatea de \u0218tiin\u021be Politice, SNSPA Bucure\u0219ti)<\/p> <p><em>\u00a0<\/em><\/p> <p><em>Moderatori:<br><\/em><strong>Dana Dom\u0219odi <\/strong>(Facultatea de Sociologie \u0219i Asisten\u021b\u0103 social\u0103, Universitatea Babe\u0219-Bolyai)<\/p> <p><strong>Florin Poenaru <\/strong>(Facultatea de Sociologie \u0219i Asisten\u021b\u0103 social\u0103, Universitatea din Bucure\u0219ti)<\/p> <\/td> <\/tr> <\/tbody> <\/table>","_links":{"self":[{"href":"http:\/\/www.transformari-capitaliste.ro\/index.php\/wp-json\/wp\/v2\/pages\/51","targetHints":{"allow":["GET"]}}],"collection":[{"href":"http:\/\/www.transformari-capitaliste.ro\/index.php\/wp-json\/wp\/v2\/pages"}],"about":[{"href":"http:\/\/www.transformari-capitaliste.ro\/index.php\/wp-json\/wp\/v2\/types\/page"}],"author":[{"embeddable":true,"href":"http:\/\/www.transformari-capitaliste.ro\/index.php\/wp-json\/wp\/v2\/users\/1"}],"replies":[{"embeddable":true,"href":"http:\/\/www.transformari-capitaliste.ro\/index.php\/wp-json\/wp\/v2\/comments?post=51"}],"version-history":[{"count":143,"href":"http:\/\/www.transformari-capitaliste.ro\/index.php\/wp-json\/wp\/v2\/pages\/51\/revisions"}],"predecessor-version":[{"id":569,"href":"http:\/\/www.transformari-capitaliste.ro\/index.php\/wp-json\/wp\/v2\/pages\/51\/revisions\/569"}],"wp:attachment":[{"href":"http:\/\/www.transformari-capitaliste.ro\/index.php\/wp-json\/wp\/v2\/media?parent=51"}],"curies":[{"name":"wp","href":"https:\/\/api.w.org\/{rel}","templated":true}]}}